{"id":236,"date":"2024-01-03T15:50:22","date_gmt":"2024-01-03T14:50:22","guid":{"rendered":"https:\/\/wallface.de\/it\/?page_id=236"},"modified":"2025-07-16T08:58:57","modified_gmt":"2025-07-16T08:58:57","slug":"pannello-decorativo-costruzione-mobili","status":"publish","type":"page","link":"https:\/\/wallface.de\/it\/pannello-decorativo-costruzione-mobili\/","title":{"rendered":"Mobilia"},"content":{"rendered":"<p><div class=\"fusion-fullwidth fullwidth-box fusion-builder-row-1 fusion-flex-container margin-full-bl_0 main_img-cat hundred-percent-fullwidth non-hundred-percent-height-scrolling\" style=\"--awb-border-radius-top-left:0px;--awb-border-radius-top-right:0px;--awb-border-radius-bottom-right:0px;--awb-border-radius-bottom-left:0px;--awb-padding-right:0px;--awb-padding-left:0px;--awb-flex-wrap:wrap;\" ><div class=\"fusion-builder-row fusion-row fusion-flex-align-items-flex-start fusion-flex-content-wrap\" style=\"width:104% !important;max-width:104% !important;margin-left: calc(-4% \/ 2 );margin-right: calc(-4% \/ 2 );\"><div class=\"fusion-layout-column fusion_builder_column fusion-builder-column-0 fusion_builder_column_1_1 1_1 fusion-flex-column\" style=\"--awb-bg-size:cover;--awb-width-large:100%;--awb-margin-top-large:0px;--awb-spacing-right-large:1.92%;--awb-margin-bottom-large:20px;--awb-spacing-left-large:1.92%;--awb-width-medium:100%;--awb-order-medium:0;--awb-spacing-right-medium:1.92%;--awb-spacing-left-medium:1.92%;--awb-width-small:100%;--awb-order-small:0;--awb-spacing-right-small:1.92%;--awb-spacing-left-small:1.92%;\"><div class=\"fusion-column-wrapper fusion-column-has-shadow fusion-flex-justify-content-flex-start fusion-content-layout-column\"><div class=\"fusion-image-element \" style=\"--awb-caption-title-font-family:var(--h2_typography-font-family);--awb-caption-title-font-weight:var(--h2_typography-font-weight);--awb-caption-title-font-style:var(--h2_typography-font-style);--awb-caption-title-size:var(--h2_typography-font-size);--awb-caption-title-transform:var(--h2_typography-text-transform);--awb-caption-title-line-height:var(--h2_typography-line-height);--awb-caption-title-letter-spacing:var(--h2_typography-letter-spacing);\"><span class=\" fusion-imageframe imageframe-none imageframe-1 hover-type-none fool-img-desc\"><img decoding=\"async\" width=\"2500\" height=\"900\" alt=\"Un armadio vintage con ante scorrevoli in legno scuro in una camera da letto. Le ante dell&#039;armadio sono decorate con eleganti maniglie in ottone. All&#039;interno dell&#039;armadio, i vestiti accuratamente appesi pendono dalle grucce e una scatola per cappelli poggia sullo scaffale superiore.\" src=\"https:\/\/wallface.de\/it\/wp-content\/uploads\/sites\/4\/2025\/03\/wallface_pannelli_murali_mobilia.jpg\" class=\"img-responsive wp-image-56522\" srcset=\"https:\/\/wallface.de\/it\/wp-content\/uploads\/sites\/4\/2025\/03\/wallface_pannelli_murali_mobilia-200x72.jpg 200w, https:\/\/wallface.de\/it\/wp-content\/uploads\/sites\/4\/2025\/03\/wallface_pannelli_murali_mobilia-400x144.jpg 400w, https:\/\/wallface.de\/it\/wp-content\/uploads\/sites\/4\/2025\/03\/wallface_pannelli_murali_mobilia-600x216.jpg 600w, https:\/\/wallface.de\/it\/wp-content\/uploads\/sites\/4\/2025\/03\/wallface_pannelli_murali_mobilia-800x288.jpg 800w, https:\/\/wallface.de\/it\/wp-content\/uploads\/sites\/4\/2025\/03\/wallface_pannelli_murali_mobilia-1200x432.jpg 1200w, https:\/\/wallface.de\/it\/wp-content\/uploads\/sites\/4\/2025\/03\/wallface_pannelli_murali_mobilia.jpg 2500w\" sizes=\"(max-width: 640px) 100vw, 1200px\" \/><\/span><\/div><div class=\"fusion-image-element \" style=\"--awb-caption-title-font-family:var(--h2_typography-font-family);--awb-caption-title-font-weight:var(--h2_typography-font-weight);--awb-caption-title-font-style:var(--h2_typography-font-style);--awb-caption-title-size:var(--h2_typography-font-size);--awb-caption-title-transform:var(--h2_typography-text-transform);--awb-caption-title-line-height:var(--h2_typography-line-height);--awb-caption-title-letter-spacing:var(--h2_typography-letter-spacing);\"><span class=\" fusion-imageframe imageframe-none imageframe-2 hover-type-none fool-img-mob\"><img decoding=\"async\" width=\"650\" height=\"884\" alt=\"Un armadio vintage con ante scorrevoli in legno scuro in una camera da letto. Le ante dell&#039;armadio sono decorate con eleganti maniglie in ottone. All&#039;interno dell&#039;armadio, i vestiti accuratamente appesi pendono dalle grucce e una scatola per cappelli poggia sullo scaffale superiore.\" src=\"https:\/\/wallface.de\/it\/wp-content\/uploads\/sites\/4\/2025\/03\/wallface_pannelli_murali_mobilia_mob.jpg\" class=\"img-responsive wp-image-56523\" srcset=\"https:\/\/wallface.de\/it\/wp-content\/uploads\/sites\/4\/2025\/03\/wallface_pannelli_murali_mobilia_mob-200x272.jpg 200w, https:\/\/wallface.de\/it\/wp-content\/uploads\/sites\/4\/2025\/03\/wallface_pannelli_murali_mobilia_mob-400x544.jpg 400w, https:\/\/wallface.de\/it\/wp-content\/uploads\/sites\/4\/2025\/03\/wallface_pannelli_murali_mobilia_mob-600x816.jpg 600w, https:\/\/wallface.de\/it\/wp-content\/uploads\/sites\/4\/2025\/03\/wallface_pannelli_murali_mobilia_mob.jpg 650w\" sizes=\"(max-width: 640px) 100vw, 650px\" \/><\/span><\/div><\/div><\/div><\/div><\/div><div class=\"fusion-fullwidth fullwidth-box fusion-builder-row-2 fusion-flex-container category_top_txt nonhundred-percent-fullwidth non-hundred-percent-height-scrolling\" style=\"--awb-border-radius-top-left:0px;--awb-border-radius-top-right:0px;--awb-border-radius-bottom-right:0px;--awb-border-radius-bottom-left:0px;--awb-padding-top:60px;--awb-padding-bottom:60px;--awb-flex-wrap:wrap;\" ><div class=\"fusion-builder-row fusion-row fusion-flex-align-items-flex-start fusion-flex-content-wrap\" style=\"max-width:1200.0352px;margin-left: calc(-4% \/ 2 );margin-right: calc(-4% \/ 2 );\"><div class=\"fusion-layout-column fusion_builder_column fusion-builder-column-1 fusion_builder_column_1_1 1_1 fusion-flex-column\" style=\"--awb-bg-size:cover;--awb-width-large:100%;--awb-margin-top-large:0px;--awb-spacing-right-large:1.92%;--awb-margin-bottom-large:20px;--awb-spacing-left-large:1.92%;--awb-width-medium:100%;--awb-order-medium:0;--awb-spacing-right-medium:1.92%;--awb-spacing-left-medium:1.92%;--awb-width-small:100%;--awb-order-small:0;--awb-spacing-right-small:1.92%;--awb-spacing-left-small:1.92%;\"><div class=\"fusion-column-wrapper fusion-column-has-shadow fusion-flex-justify-content-flex-start fusion-content-layout-column\"><div class=\"fusion-title title fusion-title-1 fusion-sep-none fusion-title-text fusion-title-size-one title-section\"><h1 class=\"fusion-title-heading title-heading-left\" style=\"margin:0;\"><h1>Design di mobili con WallFace: funzionalit\u00e0 con effetto WOW<\/h1><\/h1><\/div><div class=\"fusion-text fusion-text-1 home_subtitle\" style=\"--awb-text-transform:none;\"><p>Un aspetto molto realistico e solido si raggiunge grazie ai rivestimenti in <a href=\"https:\/\/wallface.de\/it\/pannello-murale-aspetto-pelle-pannello-decorativo\/\">pelle<\/a> sintetica. Con i nostri pannelli decorativi Wallface i mobili risultano pi\u00f9 costosi. Puoi utilizzare i pannelli a parete WallFace per vari progetti di arredamento, tra cui piani di tavoli, ante di armadi, rivestimenti di scaffali, testiere e pediere di letti e molto altro ancora.<\/p>\n<\/div><\/div><\/div><\/div><\/div><div class=\"fusion-fullwidth fullwidth-box fusion-builder-row-3 fusion-flex-container no-margin-bott nonhundred-percent-fullwidth non-hundred-percent-height-scrolling\" style=\"--awb-border-radius-top-left:0px;--awb-border-radius-top-right:0px;--awb-border-radius-bottom-right:0px;--awb-border-radius-bottom-left:0px;--awb-margin-top:0px;--awb-margin-bottom:0px;--awb-flex-wrap:wrap;\" ><div class=\"fusion-builder-row fusion-row fusion-flex-align-items-flex-start fusion-flex-content-wrap\" style=\"max-width:1200.0352px;margin-left: calc(-4% \/ 2 );margin-right: calc(-4% \/ 2 );\"><div class=\"fusion-layout-column fusion_builder_column fusion-builder-column-2 fusion_builder_column_1_2 1_2 fusion-flex-column img_w-50\" style=\"--awb-bg-size:cover;--awb-width-large:50%;--awb-margin-top-large:0px;--awb-spacing-right-large:3.84%;--awb-margin-bottom-large:0px;--awb-spacing-left-large:3.84%;--awb-width-medium:50%;--awb-order-medium:0;--awb-spacing-right-medium:3.84%;--awb-spacing-left-medium:3.84%;--awb-width-small:100%;--awb-order-small:0;--awb-spacing-right-small:1.92%;--awb-spacing-left-small:1.92%;\"><div class=\"fusion-column-wrapper fusion-column-has-shadow fusion-flex-justify-content-flex-start fusion-content-layout-column\"><div class=\"fusion-image-element \" style=\"--awb-caption-title-font-family:var(--h2_typography-font-family);--awb-caption-title-font-weight:var(--h2_typography-font-weight);--awb-caption-title-font-style:var(--h2_typography-font-style);--awb-caption-title-size:var(--h2_typography-font-size);--awb-caption-title-transform:var(--h2_typography-text-transform);--awb-caption-title-line-height:var(--h2_typography-line-height);--awb-caption-title-letter-spacing:var(--h2_typography-letter-spacing);\"><span class=\" fusion-imageframe imageframe-none imageframe-3 hover-type-zoomin\"><img decoding=\"async\" width=\"600\" height=\"600\" alt=\"Un soggiorno luminoso e moderno con un design minimalista. Una grande cornice vuota \u00e8 appesa al muro, creando un punto focale. Sotto di essa c&#039;\u00e8 un ampio mobile con una superficie strutturata che imita il metallo. Sul mobile ci sono vasi decorativi con rami secchi e libri. Accanto ad esso c&#039;\u00e8 uno pouf in legno con una morbida coperta. Sullo sfondo c&#039;\u00e8 un divano grigio con cuscini. L&#039;interno \u00e8 decorato in toni neutri e crea un&#039;atmosfera calma.\" src=\"https:\/\/wallface.de\/it\/wp-content\/uploads\/sites\/4\/2025\/03\/wallface_pannelli_murali_mobilia_img.jpg\" class=\"img-responsive wp-image-56524\" srcset=\"https:\/\/wallface.de\/it\/wp-content\/uploads\/sites\/4\/2025\/03\/wallface_pannelli_murali_mobilia_img-200x200.jpg 200w, https:\/\/wallface.de\/it\/wp-content\/uploads\/sites\/4\/2025\/03\/wallface_pannelli_murali_mobilia_img-400x400.jpg 400w, https:\/\/wallface.de\/it\/wp-content\/uploads\/sites\/4\/2025\/03\/wallface_pannelli_murali_mobilia_img.jpg 600w\" sizes=\"(max-width: 640px) 100vw, 600px\" \/><\/span><\/div><\/div><\/div><div class=\"fusion-layout-column fusion_builder_column fusion-builder-column-3 fusion_builder_column_1_2 1_2 fusion-flex-column h_100 align-items_c txt_norm\" style=\"--awb-bg-size:cover;--awb-width-large:50%;--awb-margin-top-large:0px;--awb-spacing-right-large:3.84%;--awb-margin-bottom-large:0px;--awb-spacing-left-large:3.84%;--awb-width-medium:50%;--awb-order-medium:0;--awb-spacing-right-medium:3.84%;--awb-spacing-left-medium:3.84%;--awb-width-small:100%;--awb-order-small:0;--awb-spacing-right-small:1.92%;--awb-spacing-left-small:1.92%;\"><div class=\"fusion-column-wrapper fusion-column-has-shadow fusion-flex-justify-content-flex-start fusion-content-layout-column\"><div class=\"fusion-title title fusion-title-2 fusion-sep-none fusion-title-text fusion-title-size-one f-s_44\"><h1 class=\"fusion-title-heading title-heading-left\" style=\"margin:0;\"><h3>Progettazione individuale<\/h3><\/h1><\/div><div class=\"fusion-text fusion-text-2\" style=\"--awb-text-transform:none;\"><p>Falegnami, costruttori di mobili ed ingegneri preferisco usare i materiali di qualit\u00e0 per costruzione artigiana e industriale di mobili. Per questo motivo loro danno fiducia ai pannelli murali Wallface. Oltre ad essere esteticamente molto attrattivi si caratterizzano anche per una facile lavorazione. Contattateci per informarVi sui prezzi da rivenditori.<\/p>\n<\/div><div ><a class=\"fusion-button button-flat fusion-button-default-size button-default fusion-button-default button-1 fusion-button-default-span fusion-button-default-type section_txt-column-url\" target=\"_self\" href=\"#other-prod-list\"><span class=\"fusion-button-text\">Vedi i prodotti<\/span><i class=\"fa-arrow-right fas button-icon-right\" aria-hidden=\"true\"><\/i><\/a><\/div><\/div><\/div><\/div><\/div><div class=\"fusion-fullwidth fullwidth-box fusion-builder-row-4 fusion-flex-container block_bg-light-gr bl_carousel-all nonhundred-percent-fullwidth hundred-percent-height hundred-percent-height-center-content non-hundred-percent-height-scrolling\" style=\"--awb-border-radius-top-left:0px;--awb-border-radius-top-right:0px;--awb-border-radius-bottom-right:0px;--awb-border-radius-bottom-left:0px;--awb-margin-top:0px;--awb-margin-bottom:0px;--awb-flex-wrap:wrap;\" ><div class=\"fusion-builder-row fusion-row fusion-flex-align-items-flex-start fusion-flex-content-wrap\" style=\"max-width:1200.0352px;margin-left: calc(-4% \/ 2 );margin-right: calc(-4% \/ 2 );\"><div class=\"fusion-layout-column fusion_builder_column fusion-builder-column-4 fusion_builder_column_1_1 1_1 fusion-flex-column center_bl colum_3 cont-carousel\" style=\"--awb-bg-size:cover;--awb-width-large:100%;--awb-margin-top-large:0px;--awb-spacing-right-large:1.92%;--awb-margin-bottom-large:20px;--awb-spacing-left-large:1.92%;--awb-width-medium:100%;--awb-order-medium:0;--awb-spacing-right-medium:1.92%;--awb-spacing-left-medium:1.92%;--awb-width-small:100%;--awb-order-small:0;--awb-spacing-right-small:1.92%;--awb-spacing-left-small:1.92%;\"><div class=\"fusion-column-wrapper fusion-column-has-shadow fusion-flex-justify-content-flex-start fusion-content-layout-column\"><div class=\"fusion-image-carousel fusion-image-carousel-auto fusion-image-carousel-1\"><div class=\"awb-carousel awb-swiper awb-swiper-carousel\" data-autoplay=\"no\" data-columns=\"3\" data-itemmargin=\"13\" data-itemwidth=\"180\" data-touchscroll=\"no\" data-imagesize=\"auto\" data-scrollitems=\"1\" style=\"--awb-columns:3;\"><div class=\"swiper-wrapper awb-image-carousel-wrapper fusion-flex-align-items-center\"><div class=\"swiper-slide\"><div class=\"fusion-carousel-item-wrapper\"><div class=\"fusion-image-wrapper hover-type-liftup\"><img decoding=\"async\" width=\"383\" height=\"383\" src=\"https:\/\/wallface.de\/it\/wp-content\/uploads\/sites\/4\/2025\/03\/wallface_pannelli_murali_mobilia_galleria_01.jpg\" class=\"attachment-full size-full\" alt=\"Un interno di camera da letto moderno. Sulla parete sono posizionati eleganti armadi neri con illuminazione, a contrasto con la parete chiara. Accanto c&#039;\u00e8 un comodino con una lampada da tavolo e libri. Una caratteristica notevole \u00e8 il pannello a parete con una texture in legno che aggiunge calore e comfort all&#039;interno. In primo piano sono visibili elementi del letto con tessuti.\" srcset=\"https:\/\/wallface.de\/it\/wp-content\/uploads\/sites\/4\/2025\/03\/wallface_pannelli_murali_mobilia_galleria_01-200x200.jpg 200w, https:\/\/wallface.de\/it\/wp-content\/uploads\/sites\/4\/2025\/03\/wallface_pannelli_murali_mobilia_galleria_01.jpg 383w\" sizes=\"(min-width: 2200px) 100vw, (min-width: 784px) 376px, (min-width: 712px) 564px, (min-width: 640px) 712px, \" \/><\/div><\/div><\/div><div class=\"swiper-slide\"><div class=\"fusion-carousel-item-wrapper\"><div class=\"fusion-image-wrapper hover-type-liftup\"><img decoding=\"async\" width=\"383\" height=\"383\" src=\"https:\/\/wallface.de\/it\/wp-content\/uploads\/sites\/4\/2025\/03\/wallface_pannelli_murali_mobilia_galleria_02.jpg\" class=\"attachment-full size-full\" alt=\"Un pannello murale vintage effetto metallo in un interno moderno. Il pannello, con la sua superficie testurizzata, imita il metallo e crea un accento elegante e industriale. Sullo sfondo del pannello, c&#039;\u00e8 una cassettiera bianca, una lampada da parete curva e un vaso con fiori secchi.\" srcset=\"https:\/\/wallface.de\/it\/wp-content\/uploads\/sites\/4\/2025\/03\/wallface_pannelli_murali_mobilia_galleria_02-200x200.jpg 200w, https:\/\/wallface.de\/it\/wp-content\/uploads\/sites\/4\/2025\/03\/wallface_pannelli_murali_mobilia_galleria_02.jpg 383w\" sizes=\"(min-width: 2200px) 100vw, (min-width: 784px) 376px, (min-width: 712px) 564px, (min-width: 640px) 712px, \" \/><\/div><\/div><\/div><div class=\"swiper-slide\"><div class=\"fusion-carousel-item-wrapper\"><div class=\"fusion-image-wrapper hover-type-liftup\"><img decoding=\"async\" width=\"383\" height=\"383\" src=\"https:\/\/wallface.de\/it\/wp-content\/uploads\/sites\/4\/2025\/03\/wallface_pannelli_murali_mobilia_galleria_03.jpg\" class=\"attachment-full size-full\" alt=\"Un pannello murale nero strutturato su un&#039;isola da cucina, completato da un rubinetto moderno e elettrodomestici in acciaio inossidabile.\" srcset=\"https:\/\/wallface.de\/it\/wp-content\/uploads\/sites\/4\/2025\/03\/wallface_pannelli_murali_mobilia_galleria_03-200x200.jpg 200w, https:\/\/wallface.de\/it\/wp-content\/uploads\/sites\/4\/2025\/03\/wallface_pannelli_murali_mobilia_galleria_03.jpg 383w\" sizes=\"(min-width: 2200px) 100vw, (min-width: 784px) 376px, (min-width: 712px) 564px, (min-width: 640px) 712px, \" \/><\/div><\/div><\/div><div class=\"swiper-slide\"><div class=\"fusion-carousel-item-wrapper\"><div class=\"fusion-image-wrapper hover-type-liftup\"><img decoding=\"async\" width=\"383\" height=\"383\" src=\"https:\/\/wallface.de\/it\/wp-content\/uploads\/sites\/4\/2025\/03\/wallface_pannelli_murali_mobilia_galleria_04.jpg\" class=\"attachment-full size-full\" alt=\"Una cassettiera bianca elegante con tre cassetti, rifinita con una foglia d&#039;oro testurizzata. La cassettiera si trova di fronte a una parete pulita in bianco e grigio scuro, e su di essa ci sono una lampada minimalista moderna e due vasi con fiori secchi, creando una composizione simmetrica.\" srcset=\"https:\/\/wallface.de\/it\/wp-content\/uploads\/sites\/4\/2025\/03\/wallface_pannelli_murali_mobilia_galleria_04-200x200.jpg 200w, https:\/\/wallface.de\/it\/wp-content\/uploads\/sites\/4\/2025\/03\/wallface_pannelli_murali_mobilia_galleria_04.jpg 383w\" sizes=\"(min-width: 2200px) 100vw, (min-width: 784px) 376px, (min-width: 712px) 564px, (min-width: 640px) 712px, \" \/><\/div><\/div><\/div><div class=\"swiper-slide\"><div class=\"fusion-carousel-item-wrapper\"><div class=\"fusion-image-wrapper hover-type-liftup\"><img decoding=\"async\" width=\"383\" height=\"383\" src=\"https:\/\/wallface.de\/it\/wp-content\/uploads\/sites\/4\/2025\/03\/wallface_pannelli_murali_mobilia_galleria_05.jpg\" class=\"attachment-full size-full\" alt=\"Poltrona moderna in pelle beige con schienale alto e base girevole. Perfetta per il soggiorno o lo studio.\" srcset=\"https:\/\/wallface.de\/it\/wp-content\/uploads\/sites\/4\/2025\/03\/wallface_pannelli_murali_mobilia_galleria_05-200x200.jpg 200w, https:\/\/wallface.de\/it\/wp-content\/uploads\/sites\/4\/2025\/03\/wallface_pannelli_murali_mobilia_galleria_05.jpg 383w\" sizes=\"(min-width: 2200px) 100vw, (min-width: 784px) 376px, (min-width: 712px) 564px, (min-width: 640px) 712px, \" \/><\/div><\/div><\/div><div class=\"swiper-slide\"><div class=\"fusion-carousel-item-wrapper\"><div class=\"fusion-image-wrapper hover-type-liftup\"><img decoding=\"async\" width=\"383\" height=\"383\" src=\"https:\/\/wallface.de\/it\/wp-content\/uploads\/sites\/4\/2025\/03\/wallface_pannelli_murali_mobilia_galleria_06.jpg\" class=\"attachment-full size-full\" alt=\"Un tavolino da caff\u00e8 con un piano in marmo, su cui c&#039;\u00e8 una pila di riviste e un vaso con zucche colorate. Accanto al tavolo c&#039;\u00e8 un grande vaso con una pianta.\" srcset=\"https:\/\/wallface.de\/it\/wp-content\/uploads\/sites\/4\/2025\/03\/wallface_pannelli_murali_mobilia_galleria_06-200x200.jpg 200w, https:\/\/wallface.de\/it\/wp-content\/uploads\/sites\/4\/2025\/03\/wallface_pannelli_murali_mobilia_galleria_06.jpg 383w\" sizes=\"(min-width: 2200px) 100vw, (min-width: 784px) 376px, (min-width: 712px) 564px, (min-width: 640px) 712px, \" \/><\/div><\/div><\/div><\/div><div class=\"awb-swiper-button awb-swiper-button-prev\"><i class=\"awb-icon-angle-left\" aria-hidden=\"true\"><\/i><\/div><div class=\"awb-swiper-button awb-swiper-button-next\"><i class=\"awb-icon-angle-right\" aria-hidden=\"true\"><\/i><\/div><\/div><\/div><\/div><\/div><\/div><\/div><div class=\"fusion-fullwidth fullwidth-box fusion-builder-row-5 fusion-flex-container block_bg-light-gr bl_carousel-all bl_carousel-all-mobile nonhundred-percent-fullwidth hundred-percent-height hundred-percent-height-center-content non-hundred-percent-height-scrolling\" style=\"--awb-border-radius-top-left:0px;--awb-border-radius-top-right:0px;--awb-border-radius-bottom-right:0px;--awb-border-radius-bottom-left:0px;--awb-margin-top:0px;--awb-margin-bottom:0px;--awb-flex-wrap:wrap;\" ><div class=\"fusion-builder-row fusion-row fusion-flex-align-items-flex-start fusion-flex-content-wrap\" style=\"max-width:1200.0352px;margin-left: calc(-4% \/ 2 );margin-right: calc(-4% \/ 2 );\"><div class=\"fusion-layout-column fusion_builder_column fusion-builder-column-5 fusion_builder_column_1_1 1_1 fusion-flex-column center_bl colum_3 cont-carousel\" style=\"--awb-bg-size:cover;--awb-width-large:100%;--awb-margin-top-large:0px;--awb-spacing-right-large:1.92%;--awb-margin-bottom-large:20px;--awb-spacing-left-large:1.92%;--awb-width-medium:100%;--awb-order-medium:0;--awb-spacing-right-medium:1.92%;--awb-spacing-left-medium:1.92%;--awb-width-small:100%;--awb-order-small:0;--awb-spacing-right-small:1.92%;--awb-spacing-left-small:1.92%;\"><div class=\"fusion-column-wrapper fusion-column-has-shadow fusion-flex-justify-content-flex-start fusion-content-layout-column\"><div class=\"fusion-image-carousel fusion-image-carousel-auto fusion-image-carousel-2\"><div class=\"awb-carousel awb-swiper awb-swiper-carousel\" data-autoplay=\"no\" data-columns=\"1\" data-itemmargin=\"0\" data-itemwidth=\"180\" data-touchscroll=\"no\" data-imagesize=\"auto\" data-scrollitems=\"1\" style=\"--awb-columns:1;--awb-column-spacing:0px;\"><div class=\"swiper-wrapper awb-image-carousel-wrapper fusion-flex-align-items-center\"><div class=\"swiper-slide\"><div class=\"fusion-carousel-item-wrapper\"><div class=\"fusion-image-wrapper hover-type-none\"><img decoding=\"async\" width=\"383\" height=\"383\" src=\"https:\/\/wallface.de\/it\/wp-content\/uploads\/sites\/4\/2025\/03\/wallface_pannelli_murali_mobilia_galleria_01.jpg\" class=\"attachment-full size-full\" alt=\"Un interno di camera da letto moderno. Sulla parete sono posizionati eleganti armadi neri con illuminazione, a contrasto con la parete chiara. Accanto c&#039;\u00e8 un comodino con una lampada da tavolo e libri. Una caratteristica notevole \u00e8 il pannello a parete con una texture in legno che aggiunge calore e comfort all&#039;interno. In primo piano sono visibili elementi del letto con tessuti.\" srcset=\"https:\/\/wallface.de\/it\/wp-content\/uploads\/sites\/4\/2025\/03\/wallface_pannelli_murali_mobilia_galleria_01-66x66.jpg 66w, https:\/\/wallface.de\/it\/wp-content\/uploads\/sites\/4\/2025\/03\/wallface_pannelli_murali_mobilia_galleria_01-150x150.jpg 150w, https:\/\/wallface.de\/it\/wp-content\/uploads\/sites\/4\/2025\/03\/wallface_pannelli_murali_mobilia_galleria_01-200x200.jpg 200w, https:\/\/wallface.de\/it\/wp-content\/uploads\/sites\/4\/2025\/03\/wallface_pannelli_murali_mobilia_galleria_01-300x300.jpg 300w, https:\/\/wallface.de\/it\/wp-content\/uploads\/sites\/4\/2025\/03\/wallface_pannelli_murali_mobilia_galleria_01.jpg 383w\" sizes=\"(max-width: 383px) 100vw, 383px\" \/><\/div><\/div><\/div><div class=\"swiper-slide\"><div class=\"fusion-carousel-item-wrapper\"><div class=\"fusion-image-wrapper hover-type-none\"><img decoding=\"async\" width=\"383\" height=\"383\" src=\"https:\/\/wallface.de\/it\/wp-content\/uploads\/sites\/4\/2025\/03\/wallface_pannelli_murali_mobilia_galleria_02.jpg\" class=\"attachment-full size-full\" alt=\"Un pannello murale vintage effetto metallo in un interno moderno. Il pannello, con la sua superficie testurizzata, imita il metallo e crea un accento elegante e industriale. Sullo sfondo del pannello, c&#039;\u00e8 una cassettiera bianca, una lampada da parete curva e un vaso con fiori secchi.\" srcset=\"https:\/\/wallface.de\/it\/wp-content\/uploads\/sites\/4\/2025\/03\/wallface_pannelli_murali_mobilia_galleria_02-66x66.jpg 66w, https:\/\/wallface.de\/it\/wp-content\/uploads\/sites\/4\/2025\/03\/wallface_pannelli_murali_mobilia_galleria_02-150x150.jpg 150w, https:\/\/wallface.de\/it\/wp-content\/uploads\/sites\/4\/2025\/03\/wallface_pannelli_murali_mobilia_galleria_02-200x200.jpg 200w, https:\/\/wallface.de\/it\/wp-content\/uploads\/sites\/4\/2025\/03\/wallface_pannelli_murali_mobilia_galleria_02-300x300.jpg 300w, https:\/\/wallface.de\/it\/wp-content\/uploads\/sites\/4\/2025\/03\/wallface_pannelli_murali_mobilia_galleria_02.jpg 383w\" sizes=\"(max-width: 383px) 100vw, 383px\" \/><\/div><\/div><\/div><div class=\"swiper-slide\"><div class=\"fusion-carousel-item-wrapper\"><div class=\"fusion-image-wrapper hover-type-none\"><img decoding=\"async\" width=\"383\" height=\"383\" src=\"https:\/\/wallface.de\/it\/wp-content\/uploads\/sites\/4\/2025\/03\/wallface_pannelli_murali_mobilia_galleria_03.jpg\" class=\"attachment-full size-full\" alt=\"Un pannello murale nero strutturato su un&#039;isola da cucina, completato da un rubinetto moderno e elettrodomestici in acciaio inossidabile.\" srcset=\"https:\/\/wallface.de\/it\/wp-content\/uploads\/sites\/4\/2025\/03\/wallface_pannelli_murali_mobilia_galleria_03-66x66.jpg 66w, https:\/\/wallface.de\/it\/wp-content\/uploads\/sites\/4\/2025\/03\/wallface_pannelli_murali_mobilia_galleria_03-150x150.jpg 150w, https:\/\/wallface.de\/it\/wp-content\/uploads\/sites\/4\/2025\/03\/wallface_pannelli_murali_mobilia_galleria_03-200x200.jpg 200w, https:\/\/wallface.de\/it\/wp-content\/uploads\/sites\/4\/2025\/03\/wallface_pannelli_murali_mobilia_galleria_03-300x300.jpg 300w, https:\/\/wallface.de\/it\/wp-content\/uploads\/sites\/4\/2025\/03\/wallface_pannelli_murali_mobilia_galleria_03.jpg 383w\" sizes=\"(max-width: 383px) 100vw, 383px\" \/><\/div><\/div><\/div><div class=\"swiper-slide\"><div class=\"fusion-carousel-item-wrapper\"><div class=\"fusion-image-wrapper hover-type-none\"><img decoding=\"async\" width=\"383\" height=\"383\" src=\"https:\/\/wallface.de\/it\/wp-content\/uploads\/sites\/4\/2025\/03\/wallface_pannelli_murali_mobilia_galleria_04.jpg\" class=\"attachment-full size-full\" alt=\"Una cassettiera bianca elegante con tre cassetti, rifinita con una foglia d&#039;oro testurizzata. La cassettiera si trova di fronte a una parete pulita in bianco e grigio scuro, e su di essa ci sono una lampada minimalista moderna e due vasi con fiori secchi, creando una composizione simmetrica.\" srcset=\"https:\/\/wallface.de\/it\/wp-content\/uploads\/sites\/4\/2025\/03\/wallface_pannelli_murali_mobilia_galleria_04-66x66.jpg 66w, https:\/\/wallface.de\/it\/wp-content\/uploads\/sites\/4\/2025\/03\/wallface_pannelli_murali_mobilia_galleria_04-150x150.jpg 150w, https:\/\/wallface.de\/it\/wp-content\/uploads\/sites\/4\/2025\/03\/wallface_pannelli_murali_mobilia_galleria_04-200x200.jpg 200w, https:\/\/wallface.de\/it\/wp-content\/uploads\/sites\/4\/2025\/03\/wallface_pannelli_murali_mobilia_galleria_04-300x300.jpg 300w, https:\/\/wallface.de\/it\/wp-content\/uploads\/sites\/4\/2025\/03\/wallface_pannelli_murali_mobilia_galleria_04.jpg 383w\" sizes=\"(max-width: 383px) 100vw, 383px\" \/><\/div><\/div><\/div><div class=\"swiper-slide\"><div class=\"fusion-carousel-item-wrapper\"><div class=\"fusion-image-wrapper hover-type-none\"><img decoding=\"async\" width=\"383\" height=\"383\" src=\"https:\/\/wallface.de\/it\/wp-content\/uploads\/sites\/4\/2025\/03\/wallface_pannelli_murali_mobilia_galleria_05.jpg\" class=\"attachment-full size-full\" alt=\"Poltrona moderna in pelle beige con schienale alto e base girevole. Perfetta per il soggiorno o lo studio.\" srcset=\"https:\/\/wallface.de\/it\/wp-content\/uploads\/sites\/4\/2025\/03\/wallface_pannelli_murali_mobilia_galleria_05-66x66.jpg 66w, https:\/\/wallface.de\/it\/wp-content\/uploads\/sites\/4\/2025\/03\/wallface_pannelli_murali_mobilia_galleria_05-150x150.jpg 150w, https:\/\/wallface.de\/it\/wp-content\/uploads\/sites\/4\/2025\/03\/wallface_pannelli_murali_mobilia_galleria_05-200x200.jpg 200w, https:\/\/wallface.de\/it\/wp-content\/uploads\/sites\/4\/2025\/03\/wallface_pannelli_murali_mobilia_galleria_05-300x300.jpg 300w, https:\/\/wallface.de\/it\/wp-content\/uploads\/sites\/4\/2025\/03\/wallface_pannelli_murali_mobilia_galleria_05.jpg 383w\" sizes=\"(max-width: 383px) 100vw, 383px\" \/><\/div><\/div><\/div><div class=\"swiper-slide\"><div class=\"fusion-carousel-item-wrapper\"><div class=\"fusion-image-wrapper hover-type-none\"><img decoding=\"async\" width=\"383\" height=\"383\" src=\"https:\/\/wallface.de\/it\/wp-content\/uploads\/sites\/4\/2025\/03\/wallface_pannelli_murali_mobilia_galleria_06.jpg\" class=\"attachment-full size-full\" alt=\"Un tavolino da caff\u00e8 con un piano in marmo, su cui c&#039;\u00e8 una pila di riviste e un vaso con zucche colorate. Accanto al tavolo c&#039;\u00e8 un grande vaso con una pianta.\" srcset=\"https:\/\/wallface.de\/it\/wp-content\/uploads\/sites\/4\/2025\/03\/wallface_pannelli_murali_mobilia_galleria_06-66x66.jpg 66w, https:\/\/wallface.de\/it\/wp-content\/uploads\/sites\/4\/2025\/03\/wallface_pannelli_murali_mobilia_galleria_06-150x150.jpg 150w, https:\/\/wallface.de\/it\/wp-content\/uploads\/sites\/4\/2025\/03\/wallface_pannelli_murali_mobilia_galleria_06-200x200.jpg 200w, https:\/\/wallface.de\/it\/wp-content\/uploads\/sites\/4\/2025\/03\/wallface_pannelli_murali_mobilia_galleria_06-300x300.jpg 300w, https:\/\/wallface.de\/it\/wp-content\/uploads\/sites\/4\/2025\/03\/wallface_pannelli_murali_mobilia_galleria_06.jpg 383w\" sizes=\"(max-width: 383px) 100vw, 383px\" \/><\/div><\/div><\/div><\/div><div class=\"awb-swiper-button awb-swiper-button-prev\"><i class=\"awb-icon-angle-left\" aria-hidden=\"true\"><\/i><\/div><div class=\"awb-swiper-button awb-swiper-button-next\"><i class=\"awb-icon-angle-right\" aria-hidden=\"true\"><\/i><\/div><\/div><\/div><\/div><\/div><\/div><\/div><div class=\"fusion-fullwidth fullwidth-box fusion-builder-row-6 fusion-flex-container has-pattern-background has-mask-background padding_l-r block_other-text nonhundred-percent-fullwidth non-hundred-percent-height-scrolling\" style=\"--awb-border-radius-top-left:0px;--awb-border-radius-top-right:0px;--awb-border-radius-bottom-right:0px;--awb-border-radius-bottom-left:0px;--awb-flex-wrap:wrap;\" ><div class=\"fusion-builder-row fusion-row fusion-flex-align-items-flex-start fusion-flex-content-wrap\" style=\"max-width:1200.0352px;margin-left: calc(-4% \/ 2 );margin-right: calc(-4% \/ 2 );\"><div class=\"fusion-layout-column fusion_builder_column fusion-builder-column-6 fusion_builder_column_1_4 1_4 fusion-flex-column\" style=\"--awb-bg-size:cover;--awb-width-large:25%;--awb-margin-top-large:0px;--awb-spacing-right-large:7.68%;--awb-margin-bottom-large:20px;--awb-spacing-left-large:7.68%;--awb-width-medium:25%;--awb-order-medium:0;--awb-spacing-right-medium:7.68%;--awb-spacing-left-medium:7.68%;--awb-width-small:100%;--awb-order-small:0;--awb-spacing-right-small:1.92%;--awb-spacing-left-small:1.92%;\" data-scroll-devices=\"small-visibility,medium-visibility,large-visibility\"><div class=\"fusion-column-wrapper fusion-column-has-shadow fusion-flex-justify-content-flex-start fusion-content-layout-column\"><div class=\"fusion-image-element \" style=\"text-align:center;--awb-caption-title-font-family:var(--h2_typography-font-family);--awb-caption-title-font-weight:var(--h2_typography-font-weight);--awb-caption-title-font-style:var(--h2_typography-font-style);--awb-caption-title-size:var(--h2_typography-font-size);--awb-caption-title-transform:var(--h2_typography-text-transform);--awb-caption-title-line-height:var(--h2_typography-line-height);--awb-caption-title-letter-spacing:var(--h2_typography-letter-spacing);\"><span class=\" fusion-imageframe imageframe-none imageframe-4 hover-type-none\"><img decoding=\"async\" width=\"148\" height=\"148\" src=\"https:\/\/wallface.de\/it\/wp-content\/uploads\/sites\/4\/2024\/02\/icon_wallface_pannelli_murali_robusto_facile_da_pulire_new.svg\" alt class=\"img-responsive wp-image-34287\"\/><\/span><\/div><div class=\"fusion-title title fusion-title-3 fusion-sep-none fusion-title-text fusion-title-size-three other-text-title\"><h3 class=\"fusion-title-heading title-heading-left\" style=\"margin:0;\">Robusto e facile da pulire<\/h3><\/div><div class=\"fusion-text fusion-text-3 other-text-descr\" style=\"--awb-text-transform:none;\"><p>Tutti i pannelli da parete WallFace hanno una superficie di alta qualit\u00e0 e sono quindi facili e veloci da pulire. Alcuni pannelli hanno una superficie in vetro acrilico. Questi decori, resistenti ai graffi e alle abrasioni, sono particolarmente robusti e durevoli.<\/p>\n<\/div><\/div><\/div><div class=\"fusion-layout-column fusion_builder_column fusion-builder-column-7 fusion_builder_column_1_4 1_4 fusion-flex-column\" style=\"--awb-bg-size:cover;--awb-width-large:25%;--awb-margin-top-large:0px;--awb-spacing-right-large:7.68%;--awb-margin-bottom-large:20px;--awb-spacing-left-large:7.68%;--awb-width-medium:25%;--awb-order-medium:0;--awb-spacing-right-medium:7.68%;--awb-spacing-left-medium:7.68%;--awb-width-small:100%;--awb-order-small:0;--awb-spacing-right-small:1.92%;--awb-spacing-left-small:1.92%;\" data-scroll-devices=\"small-visibility,medium-visibility,large-visibility\"><div class=\"fusion-column-wrapper fusion-column-has-shadow fusion-flex-justify-content-flex-start fusion-content-layout-column\"><div class=\"fusion-image-element \" style=\"text-align:center;--awb-caption-title-font-family:var(--h2_typography-font-family);--awb-caption-title-font-weight:var(--h2_typography-font-weight);--awb-caption-title-font-style:var(--h2_typography-font-style);--awb-caption-title-size:var(--h2_typography-font-size);--awb-caption-title-transform:var(--h2_typography-text-transform);--awb-caption-title-line-height:var(--h2_typography-line-height);--awb-caption-title-letter-spacing:var(--h2_typography-letter-spacing);\"><span class=\" fusion-imageframe imageframe-none imageframe-5 hover-type-none\"><img decoding=\"async\" width=\"148\" height=\"148\" src=\"https:\/\/wallface.de\/it\/wp-content\/uploads\/sites\/4\/2024\/02\/icon_wallface_pannelli_murali_ecologico_new.svg\" alt class=\"img-responsive wp-image-34288\"\/><\/span><\/div><div class=\"fusion-title title fusion-title-4 fusion-sep-none fusion-title-center fusion-title-text fusion-title-size-three other-text-title\"><h3 class=\"fusion-title-heading title-heading-center\" style=\"margin:0;\">Ecologico<\/h3><\/div><div class=\"fusion-text fusion-text-4 other-text-descr\" style=\"--awb-text-transform:none;\"><p>Quasi tutti i pannelli sono al 100% privi di PVC e quindi rispettosi dell\u2019ambiente e della natura. Le risorse naturali sono protette e si pu\u00f2 godere dell\u2019aspetto di vari materiali naturali a casa propria.<\/p>\n<\/div><\/div><\/div><div class=\"fusion-layout-column fusion_builder_column fusion-builder-column-8 fusion_builder_column_1_4 1_4 fusion-flex-column\" style=\"--awb-bg-size:cover;--awb-width-large:25%;--awb-margin-top-large:0px;--awb-spacing-right-large:7.68%;--awb-margin-bottom-large:20px;--awb-spacing-left-large:7.68%;--awb-width-medium:25%;--awb-order-medium:0;--awb-spacing-right-medium:7.68%;--awb-spacing-left-medium:7.68%;--awb-width-small:100%;--awb-order-small:0;--awb-spacing-right-small:1.92%;--awb-spacing-left-small:1.92%;\" data-scroll-devices=\"small-visibility,medium-visibility,large-visibility\"><div class=\"fusion-column-wrapper fusion-column-has-shadow fusion-flex-justify-content-flex-start fusion-content-layout-column\"><div class=\"fusion-image-element \" style=\"text-align:center;--awb-caption-title-font-family:var(--h2_typography-font-family);--awb-caption-title-font-weight:var(--h2_typography-font-weight);--awb-caption-title-font-style:var(--h2_typography-font-style);--awb-caption-title-size:var(--h2_typography-font-size);--awb-caption-title-transform:var(--h2_typography-text-transform);--awb-caption-title-line-height:var(--h2_typography-line-height);--awb-caption-title-letter-spacing:var(--h2_typography-letter-spacing);\"><span class=\" fusion-imageframe imageframe-none imageframe-6 hover-type-none\"><img decoding=\"async\" width=\"148\" height=\"148\" src=\"https:\/\/wallface.de\/it\/wp-content\/uploads\/sites\/4\/2024\/02\/icon_wallface_pannelli_murali_facile-da-applicare_new.svg\" alt class=\"img-responsive wp-image-34289\"\/><\/span><\/div><div class=\"fusion-title title fusion-title-5 fusion-sep-none fusion-title-text fusion-title-size-three other-text-title\"><h3 class=\"fusion-title-heading title-heading-left\" style=\"margin:0;\">Facile da applicare<\/h3><\/div><div class=\"fusion-text fusion-text-5 other-text-descr\" style=\"--awb-text-transform:none;\"><p>La maggior parte dei pannelli da parete WallFace \u00e8 facile da installare grazie al supporto autoadesivo. I pannelli possono essere tagliati a misura con un taglierino. Per la versione non adesiva, l\u2019adesivo acrilico standard \u00e8 solitamente sufficiente per l\u2019applicazione.<\/p>\n<\/div><\/div><\/div><div class=\"fusion-layout-column fusion_builder_column fusion-builder-column-9 fusion_builder_column_1_4 1_4 fusion-flex-column\" style=\"--awb-bg-size:cover;--awb-width-large:25%;--awb-margin-top-large:0px;--awb-spacing-right-large:7.68%;--awb-margin-bottom-large:20px;--awb-spacing-left-large:7.68%;--awb-width-medium:25%;--awb-order-medium:0;--awb-spacing-right-medium:7.68%;--awb-spacing-left-medium:7.68%;--awb-width-small:100%;--awb-order-small:0;--awb-spacing-right-small:1.92%;--awb-spacing-left-small:1.92%;\" data-scroll-devices=\"small-visibility,medium-visibility,large-visibility\"><div class=\"fusion-column-wrapper fusion-column-has-shadow fusion-flex-justify-content-flex-start fusion-content-layout-column\"><div class=\"fusion-image-element \" style=\"text-align:center;--awb-caption-title-font-family:var(--h2_typography-font-family);--awb-caption-title-font-weight:var(--h2_typography-font-weight);--awb-caption-title-font-style:var(--h2_typography-font-style);--awb-caption-title-size:var(--h2_typography-font-size);--awb-caption-title-transform:var(--h2_typography-text-transform);--awb-caption-title-line-height:var(--h2_typography-line-height);--awb-caption-title-letter-spacing:var(--h2_typography-letter-spacing);\"><span class=\" fusion-imageframe imageframe-none imageframe-7 hover-type-none\"><img decoding=\"async\" width=\"148\" height=\"148\" src=\"https:\/\/wallface.de\/it\/wp-content\/uploads\/sites\/4\/2024\/02\/icon_wallface_pannelli_murali_particolarmente_leggero_new.svg\" alt class=\"img-responsive wp-image-34290\"\/><\/span><\/div><div class=\"fusion-title title fusion-title-6 fusion-sep-none fusion-title-text fusion-title-size-three other-text-title\"><h3 class=\"fusion-title-heading title-heading-left\" style=\"margin:0;\">Particolarmente leggero<\/h3><\/div><div class=\"fusion-text fusion-text-6 other-text-descr\" style=\"--awb-text-transform:none;\"><p>Rispetto al materiale originale, i pannelli a parete sono leggeri come una piuma e possono essere arrotolati per il trasporto nella versione standard. Un singolo pannello pesa tra i 2 e i 6 kg.<\/p>\n<\/div><\/div><\/div><div class=\"fusion-layout-column fusion_builder_column fusion-builder-column-10 fusion_builder_column_1_4 1_4 fusion-flex-column\" style=\"--awb-bg-size:cover;--awb-width-large:25%;--awb-margin-top-large:0px;--awb-spacing-right-large:7.68%;--awb-margin-bottom-large:20px;--awb-spacing-left-large:7.68%;--awb-width-medium:25%;--awb-order-medium:0;--awb-spacing-right-medium:7.68%;--awb-spacing-left-medium:7.68%;--awb-width-small:100%;--awb-order-small:0;--awb-spacing-right-small:1.92%;--awb-spacing-left-small:1.92%;\" data-scroll-devices=\"small-visibility,medium-visibility,large-visibility\"><div class=\"fusion-column-wrapper fusion-column-has-shadow fusion-flex-justify-content-flex-start fusion-content-layout-column\"><div class=\"fusion-image-element \" style=\"text-align:center;--awb-caption-title-font-family:var(--h2_typography-font-family);--awb-caption-title-font-weight:var(--h2_typography-font-weight);--awb-caption-title-font-style:var(--h2_typography-font-style);--awb-caption-title-size:var(--h2_typography-font-size);--awb-caption-title-transform:var(--h2_typography-text-transform);--awb-caption-title-line-height:var(--h2_typography-line-height);--awb-caption-title-letter-spacing:var(--h2_typography-letter-spacing);\"><span class=\" fusion-imageframe imageframe-none imageframe-8 hover-type-none\"><img decoding=\"async\" width=\"148\" height=\"148\" src=\"https:\/\/wallface.de\/it\/wp-content\/uploads\/sites\/4\/2024\/02\/icon_wallface_pannelli_murali_design_unico_new.svg\" alt class=\"img-responsive wp-image-34291\"\/><\/span><\/div><div class=\"fusion-title title fusion-title-7 fusion-sep-none fusion-title-center fusion-title-text fusion-title-size-three other-text-title\"><h3 class=\"fusion-title-heading title-heading-center\" style=\"margin:0;\">Design unico<\/h3><\/div><div class=\"fusion-text fusion-text-7 other-text-descr\" style=\"--awb-text-transform:none;\"><p>Tra i pannelli da parete WallFace, offriamo tutti i materiali naturali che si possono desiderare: Che si tratti di pietra, marmo, metallo o legno, che si tratti di design in stile pelle o di superfici opache per il bagno e la cucina, che si tratti di accattivanti effetti specchio per il cinema e la televisione o di decorazioni in 3D, ce n\u2019\u00e8 per tutti i gusti.<\/p>\n<\/div><\/div><\/div><div class=\"fusion-layout-column fusion_builder_column fusion-builder-column-11 fusion_builder_column_1_4 1_4 fusion-flex-column\" style=\"--awb-bg-size:cover;--awb-width-large:25%;--awb-margin-top-large:0px;--awb-spacing-right-large:7.68%;--awb-margin-bottom-large:20px;--awb-spacing-left-large:7.68%;--awb-width-medium:25%;--awb-order-medium:0;--awb-spacing-right-medium:7.68%;--awb-spacing-left-medium:7.68%;--awb-width-small:100%;--awb-order-small:0;--awb-spacing-right-small:1.92%;--awb-spacing-left-small:1.92%;\" data-scroll-devices=\"small-visibility,medium-visibility,large-visibility\"><div class=\"fusion-column-wrapper fusion-column-has-shadow fusion-flex-justify-content-flex-start fusion-content-layout-column\"><div class=\"fusion-image-element \" style=\"text-align:center;--awb-caption-title-font-family:var(--h2_typography-font-family);--awb-caption-title-font-weight:var(--h2_typography-font-weight);--awb-caption-title-font-style:var(--h2_typography-font-style);--awb-caption-title-size:var(--h2_typography-font-size);--awb-caption-title-transform:var(--h2_typography-text-transform);--awb-caption-title-line-height:var(--h2_typography-line-height);--awb-caption-title-letter-spacing:var(--h2_typography-letter-spacing);\"><span class=\" fusion-imageframe imageframe-none imageframe-9 hover-type-none\"><img decoding=\"async\" width=\"148\" height=\"148\" src=\"https:\/\/wallface.de\/it\/wp-content\/uploads\/sites\/4\/2024\/02\/icon_wallface_pannelli_murali_vari_design_new.svg\" alt class=\"img-responsive wp-image-34292\"\/><\/span><\/div><div class=\"fusion-title title fusion-title-8 fusion-sep-none fusion-title-center fusion-title-text fusion-title-size-three other-text-title\"><h3 class=\"fusion-title-heading title-heading-center\" style=\"margin:0;\">Vari design<\/h3><\/div><div class=\"fusion-text fusion-text-8 other-text-descr\" style=\"--awb-text-transform:none;\"><p>Un design, tante versioni diverse. Una volta deciso un particolare disegno, \u00e8 possibile sceglierlo in diverse versioni: opaco, matt, in versione standard o rivestito con vetro acrilico, autoadesivo o in versione antigraffio; per i clienti commerciali anche con retro magnetico.<\/p>\n<\/div><\/div><\/div><div class=\"fusion-layout-column fusion_builder_column fusion-builder-column-12 fusion_builder_column_1_4 1_4 fusion-flex-column\" style=\"--awb-bg-size:cover;--awb-width-large:25%;--awb-margin-top-large:0px;--awb-spacing-right-large:7.68%;--awb-margin-bottom-large:20px;--awb-spacing-left-large:7.68%;--awb-width-medium:25%;--awb-order-medium:0;--awb-spacing-right-medium:7.68%;--awb-spacing-left-medium:7.68%;--awb-width-small:100%;--awb-order-small:0;--awb-spacing-right-small:1.92%;--awb-spacing-left-small:1.92%;\" data-scroll-devices=\"small-visibility,medium-visibility,large-visibility\"><div class=\"fusion-column-wrapper fusion-column-has-shadow fusion-flex-justify-content-flex-start fusion-content-layout-column\"><div class=\"fusion-image-element \" style=\"text-align:center;--awb-caption-title-font-family:var(--h2_typography-font-family);--awb-caption-title-font-weight:var(--h2_typography-font-weight);--awb-caption-title-font-style:var(--h2_typography-font-style);--awb-caption-title-size:var(--h2_typography-font-size);--awb-caption-title-transform:var(--h2_typography-text-transform);--awb-caption-title-line-height:var(--h2_typography-line-height);--awb-caption-title-letter-spacing:var(--h2_typography-letter-spacing);\"><span class=\" fusion-imageframe imageframe-none imageframe-10 hover-type-none\"><img decoding=\"async\" width=\"148\" height=\"148\" src=\"https:\/\/wallface.de\/it\/wp-content\/uploads\/sites\/4\/2024\/02\/icon_wallface_pannelli_murali_possibilita_applicazione_illimitate_new.svg\" alt class=\"img-responsive wp-image-34293\"\/><\/span><\/div><div class=\"fusion-title title fusion-title-9 fusion-sep-none fusion-title-text fusion-title-size-three other-text-title\"><h3 class=\"fusion-title-heading title-heading-left\" style=\"margin:0;\">Possibilit\u00e0 di applicazione illimitate<\/h3><\/div><div class=\"fusion-text fusion-text-9 other-text-descr\" style=\"--awb-text-transform:none;\"><p>Come elemento d\u2019attrazione nel settore alberghiero o della ristorazione, come elemento d\u2019attrazione nella propria casa, per la progettazione dei retro cucina e bagni, come rivestimento di banconi o caravan, per la decorazione di vetrine o facciate di mobili: i pannelli da parete WallFace creano abilmente la scena.<\/p>\n<\/div><\/div><\/div><div class=\"fusion-layout-column fusion_builder_column fusion-builder-column-13 fusion_builder_column_1_4 1_4 fusion-flex-column\" style=\"--awb-bg-size:cover;--awb-width-large:25%;--awb-margin-top-large:0px;--awb-spacing-right-large:7.68%;--awb-margin-bottom-large:20px;--awb-spacing-left-large:7.68%;--awb-width-medium:25%;--awb-order-medium:0;--awb-spacing-right-medium:7.68%;--awb-spacing-left-medium:7.68%;--awb-width-small:100%;--awb-order-small:0;--awb-spacing-right-small:1.92%;--awb-spacing-left-small:1.92%;\" data-scroll-devices=\"small-visibility,medium-visibility,large-visibility\"><div class=\"fusion-column-wrapper fusion-column-has-shadow fusion-flex-justify-content-flex-start fusion-content-layout-column\"><div class=\"fusion-image-element \" style=\"text-align:center;--awb-caption-title-font-family:var(--h2_typography-font-family);--awb-caption-title-font-weight:var(--h2_typography-font-weight);--awb-caption-title-font-style:var(--h2_typography-font-style);--awb-caption-title-size:var(--h2_typography-font-size);--awb-caption-title-transform:var(--h2_typography-text-transform);--awb-caption-title-line-height:var(--h2_typography-line-height);--awb-caption-title-letter-spacing:var(--h2_typography-letter-spacing);\"><span class=\" fusion-imageframe imageframe-none imageframe-11 hover-type-none\"><img decoding=\"async\" width=\"148\" height=\"148\" src=\"https:\/\/wallface.de\/it\/wp-content\/uploads\/sites\/4\/2024\/02\/icon_wallface_pannelli_murali_aspetto_sensazione_incredibili_new.svg\" alt class=\"img-responsive wp-image-34294\"\/><\/span><\/div><div class=\"fusion-title title fusion-title-10 fusion-sep-none fusion-title-text fusion-title-size-three other-text-title\"><h3 class=\"fusion-title-heading title-heading-left\" style=\"margin:0;\">Aspetto e sensazione incredibili<\/h3><\/div><div class=\"fusion-text fusion-text-10 other-text-descr\" style=\"--awb-text-transform:none;\"><p>I pannelli da parete WallFace non solo imitano abilmente l\u2019aspetto di materiali naturali come la pietra, la pelle o il metallo. I pannelli decorativi hanno un aspetto assolutamente realistico grazie alle diverse texture, agli effetti soft-touch o ai rivestimenti in vetro acrilico di alta qualit\u00e0.<\/p>\n<\/div><\/div><\/div><div class=\"fusion-layout-column fusion_builder_column fusion-builder-column-14 fusion_builder_column_1_1 1_1 fusion-flex-column\" style=\"--awb-bg-size:cover;--awb-width-large:100%;--awb-margin-top-large:0px;--awb-spacing-right-large:1.92%;--awb-margin-bottom-large:20px;--awb-spacing-left-large:1.92%;--awb-width-medium:100%;--awb-order-medium:0;--awb-spacing-right-medium:1.92%;--awb-spacing-left-medium:1.92%;--awb-width-small:100%;--awb-order-small:0;--awb-spacing-right-small:1.92%;--awb-spacing-left-small:1.92%;\"><div class=\"fusion-column-wrapper fusion-column-has-shadow fusion-flex-justify-content-flex-start fusion-content-layout-column\"><div class=\"fusion-separator fusion-no-small-visibility fusion-full-width-sep\" style=\"align-self: center;margin-left: auto;margin-right: auto;margin-top:50px;width:100%;\"><\/div><\/div><\/div><\/div><\/div><div id=\"other-prod-list\" class=\"fusion-container-anchor\"><div class=\"fusion-fullwidth fullwidth-box fusion-builder-row-7 fusion-flex-container has-pattern-background has-mask-background einzigartigen-designs block_galery nonhundred-percent-fullwidth non-hundred-percent-height-scrolling\" style=\"--awb-border-radius-top-left:0px;--awb-border-radius-top-right:0px;--awb-border-radius-bottom-right:0px;--awb-border-radius-bottom-left:0px;--awb-flex-wrap:wrap;\" id=\"other-prod-list\" ><div class=\"fusion-builder-row fusion-row fusion-flex-align-items-flex-start fusion-flex-content-wrap\" style=\"max-width:1200.0352px;margin-left: calc(-4% \/ 2 );margin-right: calc(-4% \/ 2 );\"><div class=\"fusion-layout-column fusion_builder_column fusion-builder-column-15 fusion_builder_column_1_1 1_1 fusion-flex-column center_bl colum_5\" style=\"--awb-bg-size:cover;--awb-width-large:100%;--awb-margin-top-large:0px;--awb-spacing-right-large:1.92%;--awb-margin-bottom-large:20px;--awb-spacing-left-large:1.92%;--awb-width-medium:100%;--awb-order-medium:0;--awb-spacing-right-medium:1.92%;--awb-spacing-left-medium:1.92%;--awb-width-small:100%;--awb-order-small:0;--awb-spacing-right-small:1.92%;--awb-spacing-left-small:1.92%;\"><div class=\"fusion-column-wrapper fusion-column-has-shadow fusion-flex-justify-content-flex-start fusion-content-layout-column\"><div class=\"fusion-title title fusion-title-11 fusion-sep-none fusion-title-text fusion-title-size-one title-section\"><h1 class=\"fusion-title-heading title-heading-left\" style=\"margin:0;\"><h2>Questo potrebbe piacerle<\/h2><\/h1><\/div><div class=\"fusion-recent-works fusion-portfolio-element fusion-portfolio fusion-portfolio-1 fusion-portfolio-grid fusion-portfolio-paging-load-more-button fusion-portfolio-five fusion-portfolio-no_text fusion-portfolio-rollover\" data-id=\"-rw-1\" data-columns=\"five\"><style type=\"text\/css\">.fusion-portfolio-1 .fusion-portfolio-wrapper .fusion-col-spacing{padding:12.5px;}<\/style><div class=\"fusion-portfolio-wrapper\" id=\"fusion-portfolio-1\" data-picturesize=\"auto\" data-pages=\"10\" style=\"margin:-12.5px;\"><article id=\"portfolio-1-post-10003\" class=\"fusion-portfolio-post abitazione autoadesivo beige caravan collezione-wood imballato-arrotolato legno mobilia opaco uffici fusion-col-spacing post-10003\"><div class=\"fusion-portfolio-content-wrapper\" style=\"border:none;\"><span class=\"entry-title rich-snippet-hidden\">Pannello murale WallFace aspetto legno 19029 Maple Alpine autoadesivo beige<\/span><span class=\"vcard rich-snippet-hidden\"><span class=\"fn\"><a href=\"https:\/\/wallface.de\/it\/author\/apiwallface\/\" title=\"Articoli scritti da apiwallface\" rel=\"author\">apiwallface<\/a><\/span><\/span><span class=\"updated rich-snippet-hidden\">2026-04-30T14:58:47+00:00<\/span><div  class=\"fusion-image-wrapper\" aria-haspopup=\"true\">\n\t\t\t\t<img decoding=\"async\" width=\"900\" height=\"900\" src=\"https:\/\/wallface.de\/it\/wp-content\/uploads\/sites\/4\/2026\/03\/wallface-wp-picture-19029.jpg\" class=\"attachment-full size-full wp-post-image\" alt=\"Pannello murale WallFace aspetto legno 19029 Maple Alpine autoadesivo beige\" srcset=\"https:\/\/wallface.de\/it\/wp-content\/uploads\/sites\/4\/2026\/03\/wallface-wp-picture-19029-200x200.jpg 200w, https:\/\/wallface.de\/it\/wp-content\/uploads\/sites\/4\/2026\/03\/wallface-wp-picture-19029-400x400.jpg 400w, https:\/\/wallface.de\/it\/wp-content\/uploads\/sites\/4\/2026\/03\/wallface-wp-picture-19029-600x600.jpg 600w, https:\/\/wallface.de\/it\/wp-content\/uploads\/sites\/4\/2026\/03\/wallface-wp-picture-19029-800x800.jpg 800w, https:\/\/wallface.de\/it\/wp-content\/uploads\/sites\/4\/2026\/03\/wallface-wp-picture-19029.jpg 900w\" sizes=\"(min-width: 2200px) 100vw, (min-width: 928px) 211px, (min-width: 856px) 263px, (min-width: 784px) 351px, (min-width: 712px) 527px, (min-width: 640px) 712px, \" \/><div class=\"fusion-rollover\">\n\t<div class=\"fusion-rollover-content\">\n\n\t\t\t\t\t\t\t\t\t\t\t\t\t\t<a class=\"fusion-rollover-link\" href=\"https:\/\/wallface.de\/it\/portfolio-items\/pannello-murale-wallface-aspetto-legno-19029-maple-alpine-autoadesivo-beige\/?portfolioCats=82\">Pannello murale WallFace aspetto legno 19029 Maple Alpine autoadesivo beige<\/a>\n\t\t\t\n\t\t\t\t\t\t\t\t\t\t\t\t\t\t\n\t\t\t\t\t\t\t\t\n\t\t\t\t\t\t\t\t\t\t\t\t\t<div class=\"fusion-rollover-sep\"><\/div>\n\t\t\t\t\n\t\t\t\t\t\t\t\t\t\t\t\t\t\t\t\t\t\t<a class=\"fusion-rollover-gallery\" href=\"https:\/\/wallface.de\/it\/wp-content\/uploads\/sites\/4\/2026\/03\/wallface-wp-picture-19029.jpg\" data-id=\"10003\" data-rel=\"iLightbox[gallery-rw-1]\" data-title=\"Pannello murale WallFace aspetto legno 19029 Maple Alpine autoadesivo beige\" data-caption=\"\">\n\t\t\t\t\t\tGallery\t\t\t\t\t<\/a>\n\t\t\t\t\t\t\t\t\t\t\t\t\t\t\n\t\t\n\t\t\t\t\t\t\t\t\t\t\t\t<h4 class=\"fusion-rollover-title\">\n\t\t\t\t\t<a class=\"fusion-rollover-title-link\" href=\"https:\/\/wallface.de\/it\/portfolio-items\/pannello-murale-wallface-aspetto-legno-19029-maple-alpine-autoadesivo-beige\/?portfolioCats=82\">\n\t\t\t\t\t\tPannello murale WallFace aspetto legno 19029 Maple Alpine autoadesivo beige\t\t\t\t\t<\/a>\n\t\t\t\t<\/h4>\n\t\t\t\n\t\t\t\t\t\t\t\t\t\t<div class=\"fusion-rollover-categories\"><a href=\"https:\/\/wallface.de\/it\/portfolio_category\/abitazione\/\" rel=\"tag\">Abitazione<\/a>, <a href=\"https:\/\/wallface.de\/it\/portfolio_category\/autoadesivo\/\" rel=\"tag\">autoadesivo<\/a>, <a href=\"https:\/\/wallface.de\/it\/portfolio_category\/beige\/\" rel=\"tag\">beige<\/a>, <a href=\"https:\/\/wallface.de\/it\/portfolio_category\/caravan\/\" rel=\"tag\">Caravan<\/a>, <a href=\"https:\/\/wallface.de\/it\/portfolio_category\/collezione-wood\/\" rel=\"tag\">Collezione Wood<\/a>, <a href=\"https:\/\/wallface.de\/it\/portfolio_category\/imballato-arrotolato\/\" rel=\"tag\">imballato arrotolato<\/a>, <a href=\"https:\/\/wallface.de\/it\/portfolio_category\/legno\/\" rel=\"tag\">Legno<\/a>, <a href=\"https:\/\/wallface.de\/it\/portfolio_category\/mobilia\/\" rel=\"tag\">Mobilia<\/a>, <a href=\"https:\/\/wallface.de\/it\/portfolio_category\/opaco\/\" rel=\"tag\">opaco<\/a>, <a href=\"https:\/\/wallface.de\/it\/portfolio_category\/uffici\/\" rel=\"tag\">Uffici<\/a><\/div>\t\t\t\t\t\n\t\t\n\t\t\t\t\t\t<a class=\"fusion-link-wrapper\" href=\"https:\/\/wallface.de\/it\/portfolio-items\/pannello-murale-wallface-aspetto-legno-19029-maple-alpine-autoadesivo-beige\/?portfolioCats=82\" aria-label=\"Pannello murale WallFace aspetto legno 19029 Maple Alpine autoadesivo beige\"><\/a>\n\t<\/div>\n<\/div>\n<\/div>\n<\/div><\/article><article id=\"portfolio-1-post-10406\" class=\"fusion-portfolio-post abitazione albergo autoadesivo bianco brillante collezione-s-glass mobilia pelle resistente-allabrasione rinnovamento vetro fusion-col-spacing post-10406\"><div class=\"fusion-portfolio-content-wrapper\" style=\"border:none;\"><span class=\"entry-title rich-snippet-hidden\">Pannello murale WallFace aspetto vetro e pelle 19305 LEGUAN Bianco AR+ autoadesivo bianco<\/span><span class=\"vcard rich-snippet-hidden\"><span class=\"fn\"><a href=\"https:\/\/wallface.de\/it\/author\/apiwallface\/\" title=\"Articoli scritti da apiwallface\" rel=\"author\">apiwallface<\/a><\/span><\/span><span class=\"updated rich-snippet-hidden\">2026-04-30T14:59:45+00:00<\/span><div  class=\"fusion-image-wrapper\" aria-haspopup=\"true\">\n\t\t\t\t<img decoding=\"async\" width=\"900\" height=\"900\" src=\"https:\/\/wallface.de\/it\/wp-content\/uploads\/sites\/4\/2026\/03\/wallface-wp-picture-19305-neu.jpg\" class=\"attachment-full size-full wp-post-image\" alt=\"Pannello murale WallFace aspetto vetro e pelle 19305 LEGUAN Bianco AR+ autoadesivo bianco\" srcset=\"https:\/\/wallface.de\/it\/wp-content\/uploads\/sites\/4\/2026\/03\/wallface-wp-picture-19305-neu-200x200.jpg 200w, https:\/\/wallface.de\/it\/wp-content\/uploads\/sites\/4\/2026\/03\/wallface-wp-picture-19305-neu-400x400.jpg 400w, https:\/\/wallface.de\/it\/wp-content\/uploads\/sites\/4\/2026\/03\/wallface-wp-picture-19305-neu-600x600.jpg 600w, https:\/\/wallface.de\/it\/wp-content\/uploads\/sites\/4\/2026\/03\/wallface-wp-picture-19305-neu-800x800.jpg 800w, https:\/\/wallface.de\/it\/wp-content\/uploads\/sites\/4\/2026\/03\/wallface-wp-picture-19305-neu.jpg 900w\" sizes=\"(min-width: 2200px) 100vw, (min-width: 928px) 211px, (min-width: 856px) 263px, (min-width: 784px) 351px, (min-width: 712px) 527px, (min-width: 640px) 712px, \" \/><div class=\"fusion-rollover\">\n\t<div class=\"fusion-rollover-content\">\n\n\t\t\t\t\t\t\t\t\t\t\t\t\t\t<a class=\"fusion-rollover-link\" href=\"https:\/\/wallface.de\/it\/portfolio-items\/pannello-murale-wallface-aspetto-vetro-e-pelle-19305-leguan-bianco-ar-autoadesivo-bianco\/?portfolioCats=82\">Pannello murale WallFace aspetto vetro e pelle 19305 LEGUAN Bianco AR+ autoadesivo bianco<\/a>\n\t\t\t\n\t\t\t\t\t\t\t\t\t\t\t\t\t\t\n\t\t\t\t\t\t\t\t\n\t\t\t\t\t\t\t\t\t\t\t\t\t<div class=\"fusion-rollover-sep\"><\/div>\n\t\t\t\t\n\t\t\t\t\t\t\t\t\t\t\t\t\t\t\t\t\t\t<a class=\"fusion-rollover-gallery\" href=\"https:\/\/wallface.de\/it\/wp-content\/uploads\/sites\/4\/2026\/03\/wallface-wp-picture-19305-neu.jpg\" data-id=\"10406\" data-rel=\"iLightbox[gallery-rw-1]\" data-title=\"Pannello murale WallFace aspetto vetro e pelle 19305 LEGUAN Bianco AR+ autoadesivo bianco\" data-caption=\"\">\n\t\t\t\t\t\tGallery\t\t\t\t\t<\/a>\n\t\t\t\t\t\t\t\t\t\t\t\t\t\t\n\t\t\n\t\t\t\t\t\t\t\t\t\t\t\t<h4 class=\"fusion-rollover-title\">\n\t\t\t\t\t<a class=\"fusion-rollover-title-link\" href=\"https:\/\/wallface.de\/it\/portfolio-items\/pannello-murale-wallface-aspetto-vetro-e-pelle-19305-leguan-bianco-ar-autoadesivo-bianco\/?portfolioCats=82\">\n\t\t\t\t\t\tPannello murale WallFace aspetto vetro e pelle 19305 LEGUAN Bianco AR+ autoadesivo bianco\t\t\t\t\t<\/a>\n\t\t\t\t<\/h4>\n\t\t\t\n\t\t\t\t\t\t\t\t\t\t<div class=\"fusion-rollover-categories\"><a href=\"https:\/\/wallface.de\/it\/portfolio_category\/abitazione\/\" rel=\"tag\">Abitazione<\/a>, <a href=\"https:\/\/wallface.de\/it\/portfolio_category\/albergo\/\" rel=\"tag\">Albergo<\/a>, <a href=\"https:\/\/wallface.de\/it\/portfolio_category\/autoadesivo\/\" rel=\"tag\">autoadesivo<\/a>, <a href=\"https:\/\/wallface.de\/it\/portfolio_category\/bianco\/\" rel=\"tag\">bianco<\/a>, <a href=\"https:\/\/wallface.de\/it\/portfolio_category\/brillante\/\" rel=\"tag\">brillante<\/a>, <a href=\"https:\/\/wallface.de\/it\/portfolio_category\/collezione-s-glass\/\" rel=\"tag\">Collezione S-Glass<\/a>, <a href=\"https:\/\/wallface.de\/it\/portfolio_category\/mobilia\/\" rel=\"tag\">Mobilia<\/a>, <a href=\"https:\/\/wallface.de\/it\/portfolio_category\/pelle\/\" rel=\"tag\">Pelle<\/a>, <a href=\"https:\/\/wallface.de\/it\/portfolio_category\/resistente-allabrasione\/\" rel=\"tag\">resistente all'abrasione<\/a>, <a href=\"https:\/\/wallface.de\/it\/portfolio_category\/rinnovamento\/\" rel=\"tag\">Rinnovamento<\/a>, <a href=\"https:\/\/wallface.de\/it\/portfolio_category\/vetro\/\" rel=\"tag\">Vetro<\/a><\/div>\t\t\t\t\t\n\t\t\n\t\t\t\t\t\t<a class=\"fusion-link-wrapper\" href=\"https:\/\/wallface.de\/it\/portfolio-items\/pannello-murale-wallface-aspetto-vetro-e-pelle-19305-leguan-bianco-ar-autoadesivo-bianco\/?portfolioCats=82\" aria-label=\"Pannello murale WallFace aspetto vetro e pelle 19305 LEGUAN Bianco AR+ autoadesivo bianco\"><\/a>\n\t<\/div>\n<\/div>\n<\/div>\n<\/div><\/article><article id=\"portfolio-1-post-10906\" class=\"fusion-portfolio-post abitazione albergo collezione-antigrav costruzione-di-negozi mobilia non-adesivo opaco pelle rame-bronzo fusion-col-spacing post-10906\"><div class=\"fusion-portfolio-content-wrapper\" style=\"border:none;\"><span class=\"entry-title rich-snippet-hidden\">Pannello murale WallFace aspetto pelle 19777 LEGUAN Copper Antigrav rame bronzo<\/span><span class=\"vcard rich-snippet-hidden\"><span class=\"fn\"><a href=\"https:\/\/wallface.de\/it\/author\/apiwallface\/\" title=\"Articoli scritti da apiwallface\" rel=\"author\">apiwallface<\/a><\/span><\/span><span class=\"updated rich-snippet-hidden\">2026-04-30T15:00:58+00:00<\/span><div  class=\"fusion-image-wrapper\" aria-haspopup=\"true\">\n\t\t\t\t<img decoding=\"async\" width=\"900\" height=\"900\" src=\"https:\/\/wallface.de\/it\/wp-content\/uploads\/sites\/4\/2026\/03\/wallface-wp-picture-19777.jpg\" class=\"attachment-full size-full wp-post-image\" alt=\"Pannello murale WallFace aspetto pelle 19777 LEGUAN Copper Antigrav rame bronzo\" srcset=\"https:\/\/wallface.de\/it\/wp-content\/uploads\/sites\/4\/2026\/03\/wallface-wp-picture-19777-200x200.jpg 200w, https:\/\/wallface.de\/it\/wp-content\/uploads\/sites\/4\/2026\/03\/wallface-wp-picture-19777-400x400.jpg 400w, https:\/\/wallface.de\/it\/wp-content\/uploads\/sites\/4\/2026\/03\/wallface-wp-picture-19777-600x600.jpg 600w, https:\/\/wallface.de\/it\/wp-content\/uploads\/sites\/4\/2026\/03\/wallface-wp-picture-19777-800x800.jpg 800w, https:\/\/wallface.de\/it\/wp-content\/uploads\/sites\/4\/2026\/03\/wallface-wp-picture-19777.jpg 900w\" sizes=\"(min-width: 2200px) 100vw, (min-width: 928px) 211px, (min-width: 856px) 263px, (min-width: 784px) 351px, (min-width: 712px) 527px, (min-width: 640px) 712px, \" \/><div class=\"fusion-rollover\">\n\t<div class=\"fusion-rollover-content\">\n\n\t\t\t\t\t\t\t\t\t\t\t\t\t\t<a class=\"fusion-rollover-link\" href=\"https:\/\/wallface.de\/it\/portfolio-items\/pannello-murale-wallface-aspetto-pelle-19777-leguan-copper-antigrav-rame-bronzo\/?portfolioCats=82\">Pannello murale WallFace aspetto pelle 19777 LEGUAN Copper Antigrav rame bronzo<\/a>\n\t\t\t\n\t\t\t\t\t\t\t\t\t\t\t\t\t\t\n\t\t\t\t\t\t\t\t\n\t\t\t\t\t\t\t\t\t\t\t\t\t<div class=\"fusion-rollover-sep\"><\/div>\n\t\t\t\t\n\t\t\t\t\t\t\t\t\t\t\t\t\t\t\t\t\t\t<a class=\"fusion-rollover-gallery\" href=\"https:\/\/wallface.de\/it\/wp-content\/uploads\/sites\/4\/2026\/03\/wallface-wp-picture-19777.jpg\" data-id=\"10906\" data-rel=\"iLightbox[gallery-rw-1]\" data-title=\"Pannello murale WallFace aspetto pelle 19777 LEGUAN Copper Antigrav rame bronzo\" data-caption=\"\">\n\t\t\t\t\t\tGallery\t\t\t\t\t<\/a>\n\t\t\t\t\t\t\t\t\t\t\t\t\t\t\n\t\t\n\t\t\t\t\t\t\t\t\t\t\t\t<h4 class=\"fusion-rollover-title\">\n\t\t\t\t\t<a class=\"fusion-rollover-title-link\" href=\"https:\/\/wallface.de\/it\/portfolio-items\/pannello-murale-wallface-aspetto-pelle-19777-leguan-copper-antigrav-rame-bronzo\/?portfolioCats=82\">\n\t\t\t\t\t\tPannello murale WallFace aspetto pelle 19777 LEGUAN Copper Antigrav rame bronzo\t\t\t\t\t<\/a>\n\t\t\t\t<\/h4>\n\t\t\t\n\t\t\t\t\t\t\t\t\t\t<div class=\"fusion-rollover-categories\"><a href=\"https:\/\/wallface.de\/it\/portfolio_category\/abitazione\/\" rel=\"tag\">Abitazione<\/a>, <a href=\"https:\/\/wallface.de\/it\/portfolio_category\/albergo\/\" rel=\"tag\">Albergo<\/a>, <a href=\"https:\/\/wallface.de\/it\/portfolio_category\/collezione-antigrav\/\" rel=\"tag\">Collezione Antigrav<\/a>, <a href=\"https:\/\/wallface.de\/it\/portfolio_category\/costruzione-di-negozi\/\" rel=\"tag\">Costruzione di negozi<\/a>, <a href=\"https:\/\/wallface.de\/it\/portfolio_category\/mobilia\/\" rel=\"tag\">Mobilia<\/a>, <a href=\"https:\/\/wallface.de\/it\/portfolio_category\/non-adesivo\/\" rel=\"tag\">non adesivo<\/a>, <a href=\"https:\/\/wallface.de\/it\/portfolio_category\/opaco\/\" rel=\"tag\">opaco<\/a>, <a href=\"https:\/\/wallface.de\/it\/portfolio_category\/pelle\/\" rel=\"tag\">Pelle<\/a>, <a href=\"https:\/\/wallface.de\/it\/portfolio_category\/rame-bronzo\/\" rel=\"tag\">rame \/ bronzo<\/a><\/div>\t\t\t\t\t\n\t\t\n\t\t\t\t\t\t<a class=\"fusion-link-wrapper\" href=\"https:\/\/wallface.de\/it\/portfolio-items\/pannello-murale-wallface-aspetto-pelle-19777-leguan-copper-antigrav-rame-bronzo\/?portfolioCats=82\" aria-label=\"Pannello murale WallFace aspetto pelle 19777 LEGUAN Copper Antigrav rame bronzo\"><\/a>\n\t<\/div>\n<\/div>\n<\/div>\n<\/div><\/article><article id=\"portfolio-1-post-10127\" class=\"fusion-portfolio-post abitazione albergo autoadesivo collezione-leather grigio imballato-arrotolato mobilia opaco pelle rinnovamento fusion-col-spacing post-10127\"><div class=\"fusion-portfolio-content-wrapper\" style=\"border:none;\"><span class=\"entry-title rich-snippet-hidden\">Pannello decorativo WallFace aspetto pelle 19301 Charcoal Light autoadesivo grigio<\/span><span class=\"vcard rich-snippet-hidden\"><span class=\"fn\"><a href=\"https:\/\/wallface.de\/it\/author\/apiwallface\/\" title=\"Articoli scritti da apiwallface\" rel=\"author\">apiwallface<\/a><\/span><\/span><span class=\"updated rich-snippet-hidden\">2026-04-30T14:59:04+00:00<\/span><div  class=\"fusion-image-wrapper\" aria-haspopup=\"true\">\n\t\t\t\t<img decoding=\"async\" width=\"900\" height=\"900\" src=\"https:\/\/wallface.de\/it\/wp-content\/uploads\/sites\/4\/2026\/03\/wallface-wp-picture-19301.jpg\" class=\"attachment-full size-full wp-post-image\" alt=\"Pannello decorativo WallFace aspetto pelle 19301 Charcoal Light autoadesivo grigio\" srcset=\"https:\/\/wallface.de\/it\/wp-content\/uploads\/sites\/4\/2026\/03\/wallface-wp-picture-19301-200x200.jpg 200w, https:\/\/wallface.de\/it\/wp-content\/uploads\/sites\/4\/2026\/03\/wallface-wp-picture-19301-400x400.jpg 400w, https:\/\/wallface.de\/it\/wp-content\/uploads\/sites\/4\/2026\/03\/wallface-wp-picture-19301-600x600.jpg 600w, https:\/\/wallface.de\/it\/wp-content\/uploads\/sites\/4\/2026\/03\/wallface-wp-picture-19301-800x800.jpg 800w, https:\/\/wallface.de\/it\/wp-content\/uploads\/sites\/4\/2026\/03\/wallface-wp-picture-19301.jpg 900w\" sizes=\"(min-width: 2200px) 100vw, (min-width: 928px) 211px, (min-width: 856px) 263px, (min-width: 784px) 351px, (min-width: 712px) 527px, (min-width: 640px) 712px, \" \/><div class=\"fusion-rollover\">\n\t<div class=\"fusion-rollover-content\">\n\n\t\t\t\t\t\t\t\t\t\t\t\t\t\t<a class=\"fusion-rollover-link\" href=\"https:\/\/wallface.de\/it\/portfolio-items\/pannello-decorativo-wallface-aspetto-pelle-19301-charcoal-light-autoadesivo-grigio\/?portfolioCats=82\">Pannello decorativo WallFace aspetto pelle 19301 Charcoal Light autoadesivo grigio<\/a>\n\t\t\t\n\t\t\t\t\t\t\t\t\t\t\t\t\t\t\n\t\t\t\t\t\t\t\t\n\t\t\t\t\t\t\t\t\t\t\t\t\t<div class=\"fusion-rollover-sep\"><\/div>\n\t\t\t\t\n\t\t\t\t\t\t\t\t\t\t\t\t\t\t\t\t\t\t<a class=\"fusion-rollover-gallery\" href=\"https:\/\/wallface.de\/it\/wp-content\/uploads\/sites\/4\/2026\/03\/wallface-wp-picture-19301.jpg\" data-id=\"10127\" data-rel=\"iLightbox[gallery-rw-1]\" data-title=\"Pannello decorativo WallFace aspetto pelle 19301 Charcoal Light autoadesivo grigio\" data-caption=\"\">\n\t\t\t\t\t\tGallery\t\t\t\t\t<\/a>\n\t\t\t\t\t\t\t\t\t\t\t\t\t\t\n\t\t\n\t\t\t\t\t\t\t\t\t\t\t\t<h4 class=\"fusion-rollover-title\">\n\t\t\t\t\t<a class=\"fusion-rollover-title-link\" href=\"https:\/\/wallface.de\/it\/portfolio-items\/pannello-decorativo-wallface-aspetto-pelle-19301-charcoal-light-autoadesivo-grigio\/?portfolioCats=82\">\n\t\t\t\t\t\tPannello decorativo WallFace aspetto pelle 19301 Charcoal Light autoadesivo grigio\t\t\t\t\t<\/a>\n\t\t\t\t<\/h4>\n\t\t\t\n\t\t\t\t\t\t\t\t\t\t<div class=\"fusion-rollover-categories\"><a href=\"https:\/\/wallface.de\/it\/portfolio_category\/abitazione\/\" rel=\"tag\">Abitazione<\/a>, <a href=\"https:\/\/wallface.de\/it\/portfolio_category\/albergo\/\" rel=\"tag\">Albergo<\/a>, <a href=\"https:\/\/wallface.de\/it\/portfolio_category\/autoadesivo\/\" rel=\"tag\">autoadesivo<\/a>, <a href=\"https:\/\/wallface.de\/it\/portfolio_category\/collezione-leather\/\" rel=\"tag\">Collezione Leather<\/a>, <a href=\"https:\/\/wallface.de\/it\/portfolio_category\/grigio\/\" rel=\"tag\">grigio<\/a>, <a href=\"https:\/\/wallface.de\/it\/portfolio_category\/imballato-arrotolato\/\" rel=\"tag\">imballato arrotolato<\/a>, <a href=\"https:\/\/wallface.de\/it\/portfolio_category\/mobilia\/\" rel=\"tag\">Mobilia<\/a>, <a href=\"https:\/\/wallface.de\/it\/portfolio_category\/opaco\/\" rel=\"tag\">opaco<\/a>, <a href=\"https:\/\/wallface.de\/it\/portfolio_category\/pelle\/\" rel=\"tag\">Pelle<\/a>, <a href=\"https:\/\/wallface.de\/it\/portfolio_category\/rinnovamento\/\" rel=\"tag\">Rinnovamento<\/a><\/div>\t\t\t\t\t\n\t\t\n\t\t\t\t\t\t<a class=\"fusion-link-wrapper\" href=\"https:\/\/wallface.de\/it\/portfolio-items\/pannello-decorativo-wallface-aspetto-pelle-19301-charcoal-light-autoadesivo-grigio\/?portfolioCats=82\" aria-label=\"Pannello decorativo WallFace aspetto pelle 19301 Charcoal Light autoadesivo grigio\"><\/a>\n\t<\/div>\n<\/div>\n<\/div>\n<\/div><\/article><article id=\"portfolio-1-post-12582\" class=\"fusion-portfolio-post abitazione autoadesivo beige caravan collezione-nature imballato-arrotolato legno mobilia opaco rinnovamento fusion-col-spacing post-12582\"><div class=\"fusion-portfolio-content-wrapper\" style=\"border:none;\"><span class=\"entry-title rich-snippet-hidden\">Pannello murale WallFace aspetto legno 25544 OAK TREE Light Nature autoadesivo beige<\/span><span class=\"vcard rich-snippet-hidden\"><span class=\"fn\"><a href=\"https:\/\/wallface.de\/it\/author\/apiwallface\/\" title=\"Articoli scritti da apiwallface\" rel=\"author\">apiwallface<\/a><\/span><\/span><span class=\"updated rich-snippet-hidden\">2026-04-30T15:04:15+00:00<\/span><div  class=\"fusion-image-wrapper\" aria-haspopup=\"true\">\n\t\t\t\t<img decoding=\"async\" width=\"900\" height=\"900\" src=\"https:\/\/wallface.de\/it\/wp-content\/uploads\/sites\/4\/2026\/03\/wallface-wp-picture-25544.jpg\" class=\"attachment-full size-full wp-post-image\" alt=\"Pannello murale WallFace aspetto legno 25544 OAK TREE Light Nature autoadesivo beige\" srcset=\"https:\/\/wallface.de\/it\/wp-content\/uploads\/sites\/4\/2026\/03\/wallface-wp-picture-25544-200x200.jpg 200w, https:\/\/wallface.de\/it\/wp-content\/uploads\/sites\/4\/2026\/03\/wallface-wp-picture-25544-400x400.jpg 400w, https:\/\/wallface.de\/it\/wp-content\/uploads\/sites\/4\/2026\/03\/wallface-wp-picture-25544-600x600.jpg 600w, https:\/\/wallface.de\/it\/wp-content\/uploads\/sites\/4\/2026\/03\/wallface-wp-picture-25544-800x800.jpg 800w, https:\/\/wallface.de\/it\/wp-content\/uploads\/sites\/4\/2026\/03\/wallface-wp-picture-25544.jpg 900w\" sizes=\"(min-width: 2200px) 100vw, (min-width: 928px) 211px, (min-width: 856px) 263px, (min-width: 784px) 351px, (min-width: 712px) 527px, (min-width: 640px) 712px, \" \/><div class=\"fusion-rollover\">\n\t<div class=\"fusion-rollover-content\">\n\n\t\t\t\t\t\t\t\t\t\t\t\t\t\t<a class=\"fusion-rollover-link\" href=\"https:\/\/wallface.de\/it\/portfolio-items\/pannello-murale-wallface-aspetto-legno-25544-oak-tree-light-nature-autoadesivo-beige\/?portfolioCats=82\">Pannello murale WallFace aspetto legno 25544 OAK TREE Light Nature autoadesivo beige<\/a>\n\t\t\t\n\t\t\t\t\t\t\t\t\t\t\t\t\t\t\n\t\t\t\t\t\t\t\t\n\t\t\t\t\t\t\t\t\t\t\t\t\t<div class=\"fusion-rollover-sep\"><\/div>\n\t\t\t\t\n\t\t\t\t\t\t\t\t\t\t\t\t\t\t\t\t\t\t<a class=\"fusion-rollover-gallery\" href=\"https:\/\/wallface.de\/it\/wp-content\/uploads\/sites\/4\/2026\/03\/wallface-wp-picture-25544.jpg\" data-id=\"12582\" data-rel=\"iLightbox[gallery-rw-1]\" data-title=\"Pannello murale WallFace aspetto legno 25544 OAK TREE Light Nature autoadesivo beige\" data-caption=\"\">\n\t\t\t\t\t\tGallery\t\t\t\t\t<\/a>\n\t\t\t\t\t\t\t\t\t\t\t\t\t\t\n\t\t\n\t\t\t\t\t\t\t\t\t\t\t\t<h4 class=\"fusion-rollover-title\">\n\t\t\t\t\t<a class=\"fusion-rollover-title-link\" href=\"https:\/\/wallface.de\/it\/portfolio-items\/pannello-murale-wallface-aspetto-legno-25544-oak-tree-light-nature-autoadesivo-beige\/?portfolioCats=82\">\n\t\t\t\t\t\tPannello murale WallFace aspetto legno 25544 OAK TREE Light Nature autoadesivo beige\t\t\t\t\t<\/a>\n\t\t\t\t<\/h4>\n\t\t\t\n\t\t\t\t\t\t\t\t\t\t<div class=\"fusion-rollover-categories\"><a href=\"https:\/\/wallface.de\/it\/portfolio_category\/abitazione\/\" rel=\"tag\">Abitazione<\/a>, <a href=\"https:\/\/wallface.de\/it\/portfolio_category\/autoadesivo\/\" rel=\"tag\">autoadesivo<\/a>, <a href=\"https:\/\/wallface.de\/it\/portfolio_category\/beige\/\" rel=\"tag\">beige<\/a>, <a href=\"https:\/\/wallface.de\/it\/portfolio_category\/caravan\/\" rel=\"tag\">Caravan<\/a>, <a href=\"https:\/\/wallface.de\/it\/portfolio_category\/collezione-nature\/\" rel=\"tag\">Collezione Nature<\/a>, <a href=\"https:\/\/wallface.de\/it\/portfolio_category\/imballato-arrotolato\/\" rel=\"tag\">imballato arrotolato<\/a>, <a href=\"https:\/\/wallface.de\/it\/portfolio_category\/legno\/\" rel=\"tag\">Legno<\/a>, <a href=\"https:\/\/wallface.de\/it\/portfolio_category\/mobilia\/\" rel=\"tag\">Mobilia<\/a>, <a href=\"https:\/\/wallface.de\/it\/portfolio_category\/opaco\/\" rel=\"tag\">opaco<\/a>, <a href=\"https:\/\/wallface.de\/it\/portfolio_category\/rinnovamento\/\" rel=\"tag\">Rinnovamento<\/a><\/div>\t\t\t\t\t\n\t\t\n\t\t\t\t\t\t<a class=\"fusion-link-wrapper\" href=\"https:\/\/wallface.de\/it\/portfolio-items\/pannello-murale-wallface-aspetto-legno-25544-oak-tree-light-nature-autoadesivo-beige\/?portfolioCats=82\" aria-label=\"Pannello murale WallFace aspetto legno 25544 OAK TREE Light Nature autoadesivo beige\"><\/a>\n\t<\/div>\n<\/div>\n<\/div>\n<\/div><\/article><article id=\"portfolio-1-post-12627\" class=\"fusion-portfolio-post abitazione autoadesivo caravan collezione-nature imballato-arrotolato legno marrone mobilia opaco rinnovamento fusion-col-spacing post-12627\"><div class=\"fusion-portfolio-content-wrapper\" style=\"border:none;\"><span class=\"entry-title rich-snippet-hidden\">Rivestimento murale WallFace aspetto legno 25511 Sessile OAK Nature autoadesivo marrone<\/span><span class=\"vcard rich-snippet-hidden\"><span class=\"fn\"><a href=\"https:\/\/wallface.de\/it\/author\/apiwallface\/\" title=\"Articoli scritti da apiwallface\" rel=\"author\">apiwallface<\/a><\/span><\/span><span class=\"updated rich-snippet-hidden\">2026-04-30T15:04:23+00:00<\/span><div  class=\"fusion-image-wrapper\" aria-haspopup=\"true\">\n\t\t\t\t<img decoding=\"async\" width=\"900\" height=\"900\" src=\"https:\/\/wallface.de\/it\/wp-content\/uploads\/sites\/4\/2026\/03\/wallface-wp-picture-25511.jpg\" class=\"attachment-full size-full wp-post-image\" alt=\"Rivestimento murale WallFace aspetto legno 25511 Sessile OAK Nature autoadesivo marrone\" srcset=\"https:\/\/wallface.de\/it\/wp-content\/uploads\/sites\/4\/2026\/03\/wallface-wp-picture-25511-200x200.jpg 200w, https:\/\/wallface.de\/it\/wp-content\/uploads\/sites\/4\/2026\/03\/wallface-wp-picture-25511-400x400.jpg 400w, https:\/\/wallface.de\/it\/wp-content\/uploads\/sites\/4\/2026\/03\/wallface-wp-picture-25511-600x600.jpg 600w, https:\/\/wallface.de\/it\/wp-content\/uploads\/sites\/4\/2026\/03\/wallface-wp-picture-25511-800x800.jpg 800w, https:\/\/wallface.de\/it\/wp-content\/uploads\/sites\/4\/2026\/03\/wallface-wp-picture-25511.jpg 900w\" sizes=\"(min-width: 2200px) 100vw, (min-width: 928px) 211px, (min-width: 856px) 263px, (min-width: 784px) 351px, (min-width: 712px) 527px, (min-width: 640px) 712px, \" \/><div class=\"fusion-rollover\">\n\t<div class=\"fusion-rollover-content\">\n\n\t\t\t\t\t\t\t\t\t\t\t\t\t\t<a class=\"fusion-rollover-link\" href=\"https:\/\/wallface.de\/it\/portfolio-items\/rivestimento-murale-wallface-aspetto-legno-25511-sessile-oak-nature-autoadesivo-marrone\/?portfolioCats=82\">Rivestimento murale WallFace aspetto legno 25511 Sessile OAK Nature autoadesivo marrone<\/a>\n\t\t\t\n\t\t\t\t\t\t\t\t\t\t\t\t\t\t\n\t\t\t\t\t\t\t\t\n\t\t\t\t\t\t\t\t\t\t\t\t\t<div class=\"fusion-rollover-sep\"><\/div>\n\t\t\t\t\n\t\t\t\t\t\t\t\t\t\t\t\t\t\t\t\t\t\t<a class=\"fusion-rollover-gallery\" href=\"https:\/\/wallface.de\/it\/wp-content\/uploads\/sites\/4\/2026\/03\/wallface-wp-picture-25511.jpg\" data-id=\"12627\" data-rel=\"iLightbox[gallery-rw-1]\" data-title=\"Rivestimento murale WallFace aspetto legno 25511 Sessile OAK Nature autoadesivo marrone\" data-caption=\"\">\n\t\t\t\t\t\tGallery\t\t\t\t\t<\/a>\n\t\t\t\t\t\t\t\t\t\t\t\t\t\t\n\t\t\n\t\t\t\t\t\t\t\t\t\t\t\t<h4 class=\"fusion-rollover-title\">\n\t\t\t\t\t<a class=\"fusion-rollover-title-link\" href=\"https:\/\/wallface.de\/it\/portfolio-items\/rivestimento-murale-wallface-aspetto-legno-25511-sessile-oak-nature-autoadesivo-marrone\/?portfolioCats=82\">\n\t\t\t\t\t\tRivestimento murale WallFace aspetto legno 25511 Sessile OAK Nature autoadesivo marrone\t\t\t\t\t<\/a>\n\t\t\t\t<\/h4>\n\t\t\t\n\t\t\t\t\t\t\t\t\t\t<div class=\"fusion-rollover-categories\"><a href=\"https:\/\/wallface.de\/it\/portfolio_category\/abitazione\/\" rel=\"tag\">Abitazione<\/a>, <a href=\"https:\/\/wallface.de\/it\/portfolio_category\/autoadesivo\/\" rel=\"tag\">autoadesivo<\/a>, <a href=\"https:\/\/wallface.de\/it\/portfolio_category\/caravan\/\" rel=\"tag\">Caravan<\/a>, <a href=\"https:\/\/wallface.de\/it\/portfolio_category\/collezione-nature\/\" rel=\"tag\">Collezione Nature<\/a>, <a href=\"https:\/\/wallface.de\/it\/portfolio_category\/imballato-arrotolato\/\" rel=\"tag\">imballato arrotolato<\/a>, <a href=\"https:\/\/wallface.de\/it\/portfolio_category\/legno\/\" rel=\"tag\">Legno<\/a>, <a href=\"https:\/\/wallface.de\/it\/portfolio_category\/marrone\/\" rel=\"tag\">marrone<\/a>, <a href=\"https:\/\/wallface.de\/it\/portfolio_category\/mobilia\/\" rel=\"tag\">Mobilia<\/a>, <a href=\"https:\/\/wallface.de\/it\/portfolio_category\/opaco\/\" rel=\"tag\">opaco<\/a>, <a href=\"https:\/\/wallface.de\/it\/portfolio_category\/rinnovamento\/\" rel=\"tag\">Rinnovamento<\/a><\/div>\t\t\t\t\t\n\t\t\n\t\t\t\t\t\t<a class=\"fusion-link-wrapper\" href=\"https:\/\/wallface.de\/it\/portfolio-items\/rivestimento-murale-wallface-aspetto-legno-25511-sessile-oak-nature-autoadesivo-marrone\/?portfolioCats=82\" aria-label=\"Rivestimento murale WallFace aspetto legno 25511 Sessile OAK Nature autoadesivo marrone\"><\/a>\n\t<\/div>\n<\/div>\n<\/div>\n<\/div><\/article><article id=\"portfolio-1-post-12612\" class=\"fusion-portfolio-post abitazione autoadesivo caravan collezione-nature imballato-arrotolato legno marrone mobilia opaco rinnovamento uffici fusion-col-spacing post-12612\"><div class=\"fusion-portfolio-content-wrapper\" style=\"border:none;\"><span class=\"entry-title rich-snippet-hidden\">Pannello murale WallFace aspetto legno 25547 Nutwood Nature autoadesivo marrone<\/span><span class=\"vcard rich-snippet-hidden\"><span class=\"fn\"><a href=\"https:\/\/wallface.de\/it\/author\/apiwallface\/\" title=\"Articoli scritti da apiwallface\" rel=\"author\">apiwallface<\/a><\/span><\/span><span class=\"updated rich-snippet-hidden\">2026-04-30T15:04:20+00:00<\/span><div  class=\"fusion-image-wrapper\" aria-haspopup=\"true\">\n\t\t\t\t<img decoding=\"async\" width=\"900\" height=\"900\" src=\"https:\/\/wallface.de\/it\/wp-content\/uploads\/sites\/4\/2026\/03\/wallface-wp-picture-25547.jpg\" class=\"attachment-full size-full wp-post-image\" alt=\"Pannello murale WallFace aspetto legno 25547 Nutwood Nature autoadesivo marrone\" srcset=\"https:\/\/wallface.de\/it\/wp-content\/uploads\/sites\/4\/2026\/03\/wallface-wp-picture-25547-200x200.jpg 200w, https:\/\/wallface.de\/it\/wp-content\/uploads\/sites\/4\/2026\/03\/wallface-wp-picture-25547-400x400.jpg 400w, https:\/\/wallface.de\/it\/wp-content\/uploads\/sites\/4\/2026\/03\/wallface-wp-picture-25547-600x600.jpg 600w, https:\/\/wallface.de\/it\/wp-content\/uploads\/sites\/4\/2026\/03\/wallface-wp-picture-25547-800x800.jpg 800w, https:\/\/wallface.de\/it\/wp-content\/uploads\/sites\/4\/2026\/03\/wallface-wp-picture-25547.jpg 900w\" sizes=\"(min-width: 2200px) 100vw, (min-width: 928px) 211px, (min-width: 856px) 263px, (min-width: 784px) 351px, (min-width: 712px) 527px, (min-width: 640px) 712px, \" \/><div class=\"fusion-rollover\">\n\t<div class=\"fusion-rollover-content\">\n\n\t\t\t\t\t\t\t\t\t\t\t\t\t\t<a class=\"fusion-rollover-link\" href=\"https:\/\/wallface.de\/it\/portfolio-items\/pannello-murale-wallface-aspetto-legno-25547-nutwood-nature-autoadesivo-marrone\/?portfolioCats=82\">Pannello murale WallFace aspetto legno 25547 Nutwood Nature autoadesivo marrone<\/a>\n\t\t\t\n\t\t\t\t\t\t\t\t\t\t\t\t\t\t\n\t\t\t\t\t\t\t\t\n\t\t\t\t\t\t\t\t\t\t\t\t\t<div class=\"fusion-rollover-sep\"><\/div>\n\t\t\t\t\n\t\t\t\t\t\t\t\t\t\t\t\t\t\t\t\t\t\t<a class=\"fusion-rollover-gallery\" href=\"https:\/\/wallface.de\/it\/wp-content\/uploads\/sites\/4\/2026\/03\/wallface-wp-picture-25547.jpg\" data-id=\"12612\" data-rel=\"iLightbox[gallery-rw-1]\" data-title=\"Pannello murale WallFace aspetto legno 25547 Nutwood Nature autoadesivo marrone\" data-caption=\"\">\n\t\t\t\t\t\tGallery\t\t\t\t\t<\/a>\n\t\t\t\t\t\t\t\t\t\t\t\t\t\t\n\t\t\n\t\t\t\t\t\t\t\t\t\t\t\t<h4 class=\"fusion-rollover-title\">\n\t\t\t\t\t<a class=\"fusion-rollover-title-link\" href=\"https:\/\/wallface.de\/it\/portfolio-items\/pannello-murale-wallface-aspetto-legno-25547-nutwood-nature-autoadesivo-marrone\/?portfolioCats=82\">\n\t\t\t\t\t\tPannello murale WallFace aspetto legno 25547 Nutwood Nature autoadesivo marrone\t\t\t\t\t<\/a>\n\t\t\t\t<\/h4>\n\t\t\t\n\t\t\t\t\t\t\t\t\t\t<div class=\"fusion-rollover-categories\"><a href=\"https:\/\/wallface.de\/it\/portfolio_category\/abitazione\/\" rel=\"tag\">Abitazione<\/a>, <a href=\"https:\/\/wallface.de\/it\/portfolio_category\/autoadesivo\/\" rel=\"tag\">autoadesivo<\/a>, <a href=\"https:\/\/wallface.de\/it\/portfolio_category\/caravan\/\" rel=\"tag\">Caravan<\/a>, <a href=\"https:\/\/wallface.de\/it\/portfolio_category\/collezione-nature\/\" rel=\"tag\">Collezione Nature<\/a>, <a href=\"https:\/\/wallface.de\/it\/portfolio_category\/imballato-arrotolato\/\" rel=\"tag\">imballato arrotolato<\/a>, <a href=\"https:\/\/wallface.de\/it\/portfolio_category\/legno\/\" rel=\"tag\">Legno<\/a>, <a href=\"https:\/\/wallface.de\/it\/portfolio_category\/marrone\/\" rel=\"tag\">marrone<\/a>, <a href=\"https:\/\/wallface.de\/it\/portfolio_category\/mobilia\/\" rel=\"tag\">Mobilia<\/a>, <a href=\"https:\/\/wallface.de\/it\/portfolio_category\/opaco\/\" rel=\"tag\">opaco<\/a>, <a href=\"https:\/\/wallface.de\/it\/portfolio_category\/rinnovamento\/\" rel=\"tag\">Rinnovamento<\/a>, <a href=\"https:\/\/wallface.de\/it\/portfolio_category\/uffici\/\" rel=\"tag\">Uffici<\/a><\/div>\t\t\t\t\t\n\t\t\n\t\t\t\t\t\t<a class=\"fusion-link-wrapper\" href=\"https:\/\/wallface.de\/it\/portfolio-items\/pannello-murale-wallface-aspetto-legno-25547-nutwood-nature-autoadesivo-marrone\/?portfolioCats=82\" aria-label=\"Pannello murale WallFace aspetto legno 25547 Nutwood Nature autoadesivo marrone\"><\/a>\n\t<\/div>\n<\/div>\n<\/div>\n<\/div><\/article><article id=\"portfolio-1-post-9966\" class=\"fusion-portfolio-post abitazione albergo argento autoadesivo bagno brillante collezione-s-glass grigio metallo mobilia resistente-allabrasione uffici vetro vintage fusion-col-spacing post-9966\"><div class=\"fusion-portfolio-content-wrapper\" style=\"border:none;\"><span class=\"entry-title rich-snippet-hidden\">Rivestimento murale WallFace aspetto vintage in metallo 18001 OLD Platin AR+ autoadesivo argento grigio<\/span><span class=\"vcard rich-snippet-hidden\"><span class=\"fn\"><a href=\"https:\/\/wallface.de\/it\/author\/apiwallface\/\" title=\"Articoli scritti da apiwallface\" rel=\"author\">apiwallface<\/a><\/span><\/span><span class=\"updated rich-snippet-hidden\">2026-04-30T14:58:40+00:00<\/span><div  class=\"fusion-image-wrapper\" aria-haspopup=\"true\">\n\t\t\t\t<img decoding=\"async\" width=\"900\" height=\"900\" src=\"https:\/\/wallface.de\/it\/wp-content\/uploads\/sites\/4\/2026\/03\/wallface-wp-picture-18001.jpg\" class=\"attachment-full size-full wp-post-image\" alt=\"Rivestimento murale WallFace aspetto vintage in metallo 18001 OLD Platin AR+ autoadesivo argento grigio\" srcset=\"https:\/\/wallface.de\/it\/wp-content\/uploads\/sites\/4\/2026\/03\/wallface-wp-picture-18001-200x200.jpg 200w, https:\/\/wallface.de\/it\/wp-content\/uploads\/sites\/4\/2026\/03\/wallface-wp-picture-18001-400x400.jpg 400w, https:\/\/wallface.de\/it\/wp-content\/uploads\/sites\/4\/2026\/03\/wallface-wp-picture-18001-600x600.jpg 600w, https:\/\/wallface.de\/it\/wp-content\/uploads\/sites\/4\/2026\/03\/wallface-wp-picture-18001-800x800.jpg 800w, https:\/\/wallface.de\/it\/wp-content\/uploads\/sites\/4\/2026\/03\/wallface-wp-picture-18001.jpg 900w\" sizes=\"(min-width: 2200px) 100vw, (min-width: 928px) 211px, (min-width: 856px) 263px, (min-width: 784px) 351px, (min-width: 712px) 527px, (min-width: 640px) 712px, \" \/><div class=\"fusion-rollover\">\n\t<div class=\"fusion-rollover-content\">\n\n\t\t\t\t\t\t\t\t\t\t\t\t\t\t<a class=\"fusion-rollover-link\" href=\"https:\/\/wallface.de\/it\/portfolio-items\/rivestimento-murale-wallface-aspetto-vintage-in-metallo-18001-old-platin-ar-autoadesivo-argento-grigio\/?portfolioCats=82\">Rivestimento murale WallFace aspetto vintage in metallo 18001 OLD Platin AR+ autoadesivo argento grigio<\/a>\n\t\t\t\n\t\t\t\t\t\t\t\t\t\t\t\t\t\t\n\t\t\t\t\t\t\t\t\n\t\t\t\t\t\t\t\t\t\t\t\t\t<div class=\"fusion-rollover-sep\"><\/div>\n\t\t\t\t\n\t\t\t\t\t\t\t\t\t\t\t\t\t\t\t\t\t\t<a class=\"fusion-rollover-gallery\" href=\"https:\/\/wallface.de\/it\/wp-content\/uploads\/sites\/4\/2026\/03\/wallface-wp-picture-18001.jpg\" data-id=\"9966\" data-rel=\"iLightbox[gallery-rw-1]\" data-title=\"Rivestimento murale WallFace aspetto vintage in metallo 18001 OLD Platin AR+ autoadesivo argento grigio\" data-caption=\"\">\n\t\t\t\t\t\tGallery\t\t\t\t\t<\/a>\n\t\t\t\t\t\t\t\t\t\t\t\t\t\t\n\t\t\n\t\t\t\t\t\t\t\t\t\t\t\t<h4 class=\"fusion-rollover-title\">\n\t\t\t\t\t<a class=\"fusion-rollover-title-link\" href=\"https:\/\/wallface.de\/it\/portfolio-items\/rivestimento-murale-wallface-aspetto-vintage-in-metallo-18001-old-platin-ar-autoadesivo-argento-grigio\/?portfolioCats=82\">\n\t\t\t\t\t\tRivestimento murale WallFace aspetto vintage in metallo 18001 OLD Platin AR+ autoadesivo argento grigio\t\t\t\t\t<\/a>\n\t\t\t\t<\/h4>\n\t\t\t\n\t\t\t\t\t\t\t\t\t\t<div class=\"fusion-rollover-categories\"><a href=\"https:\/\/wallface.de\/it\/portfolio_category\/abitazione\/\" rel=\"tag\">Abitazione<\/a>, <a href=\"https:\/\/wallface.de\/it\/portfolio_category\/albergo\/\" rel=\"tag\">Albergo<\/a>, <a href=\"https:\/\/wallface.de\/it\/portfolio_category\/argento\/\" rel=\"tag\">argento<\/a>, <a href=\"https:\/\/wallface.de\/it\/portfolio_category\/autoadesivo\/\" rel=\"tag\">autoadesivo<\/a>, <a href=\"https:\/\/wallface.de\/it\/portfolio_category\/bagno\/\" rel=\"tag\">Bagno<\/a>, <a href=\"https:\/\/wallface.de\/it\/portfolio_category\/brillante\/\" rel=\"tag\">brillante<\/a>, <a href=\"https:\/\/wallface.de\/it\/portfolio_category\/collezione-s-glass\/\" rel=\"tag\">Collezione S-Glass<\/a>, <a href=\"https:\/\/wallface.de\/it\/portfolio_category\/grigio\/\" rel=\"tag\">grigio<\/a>, <a href=\"https:\/\/wallface.de\/it\/portfolio_category\/metallo\/\" rel=\"tag\">Metallo<\/a>, <a href=\"https:\/\/wallface.de\/it\/portfolio_category\/mobilia\/\" rel=\"tag\">Mobilia<\/a>, <a href=\"https:\/\/wallface.de\/it\/portfolio_category\/resistente-allabrasione\/\" rel=\"tag\">resistente all'abrasione<\/a>, <a href=\"https:\/\/wallface.de\/it\/portfolio_category\/uffici\/\" rel=\"tag\">Uffici<\/a>, <a href=\"https:\/\/wallface.de\/it\/portfolio_category\/vetro\/\" rel=\"tag\">Vetro<\/a>, <a href=\"https:\/\/wallface.de\/it\/portfolio_category\/vintage\/\" rel=\"tag\">Vintage<\/a><\/div>\t\t\t\t\t\n\t\t\n\t\t\t\t\t\t<a class=\"fusion-link-wrapper\" href=\"https:\/\/wallface.de\/it\/portfolio-items\/rivestimento-murale-wallface-aspetto-vintage-in-metallo-18001-old-platin-ar-autoadesivo-argento-grigio\/?portfolioCats=82\" aria-label=\"Rivestimento murale WallFace aspetto vintage in metallo 18001 OLD Platin AR+ autoadesivo argento grigio\"><\/a>\n\t<\/div>\n<\/div>\n<\/div>\n<\/div><\/article><article id=\"portfolio-1-post-10996\" class=\"fusion-portfolio-post abitazione albergo collezione-antigrav gastronomia legno mobilia nero non-adesivo opaco fusion-col-spacing post-10996\"><div class=\"fusion-portfolio-content-wrapper\" style=\"border:none;\"><span class=\"entry-title rich-snippet-hidden\">Pannello decorativo WallFace aspetto legno 25153 Carbonized Wood Antigrav nero<\/span><span class=\"vcard rich-snippet-hidden\"><span class=\"fn\"><a href=\"https:\/\/wallface.de\/it\/author\/apiwallface\/\" title=\"Articoli scritti da apiwallface\" rel=\"author\">apiwallface<\/a><\/span><\/span><span class=\"updated rich-snippet-hidden\">2026-04-30T15:01:13+00:00<\/span><div  class=\"fusion-image-wrapper\" aria-haspopup=\"true\">\n\t\t\t\t<img decoding=\"async\" width=\"900\" height=\"900\" src=\"https:\/\/wallface.de\/it\/wp-content\/uploads\/sites\/4\/2026\/03\/wallface-wp-picture-20158.jpg\" class=\"attachment-full size-full wp-post-image\" alt=\"Pannello decorativo WallFace aspetto legno 25153 Carbonized Wood Antigrav nero\" srcset=\"https:\/\/wallface.de\/it\/wp-content\/uploads\/sites\/4\/2026\/03\/wallface-wp-picture-20158-200x200.jpg 200w, https:\/\/wallface.de\/it\/wp-content\/uploads\/sites\/4\/2026\/03\/wallface-wp-picture-20158-400x400.jpg 400w, https:\/\/wallface.de\/it\/wp-content\/uploads\/sites\/4\/2026\/03\/wallface-wp-picture-20158-600x600.jpg 600w, https:\/\/wallface.de\/it\/wp-content\/uploads\/sites\/4\/2026\/03\/wallface-wp-picture-20158-800x800.jpg 800w, https:\/\/wallface.de\/it\/wp-content\/uploads\/sites\/4\/2026\/03\/wallface-wp-picture-20158.jpg 900w\" sizes=\"(min-width: 2200px) 100vw, (min-width: 928px) 211px, (min-width: 856px) 263px, (min-width: 784px) 351px, (min-width: 712px) 527px, (min-width: 640px) 712px, \" \/><div class=\"fusion-rollover\">\n\t<div class=\"fusion-rollover-content\">\n\n\t\t\t\t\t\t\t\t\t\t\t\t\t\t<a class=\"fusion-rollover-link\" href=\"https:\/\/wallface.de\/it\/portfolio-items\/pannello-decorativo-wallface-aspetto-legno-25153-carbonized-wood-antigrav-nero\/?portfolioCats=82\">Pannello decorativo WallFace aspetto legno 25153 Carbonized Wood Antigrav nero<\/a>\n\t\t\t\n\t\t\t\t\t\t\t\t\t\t\t\t\t\t\n\t\t\t\t\t\t\t\t\n\t\t\t\t\t\t\t\t\t\t\t\t\t<div class=\"fusion-rollover-sep\"><\/div>\n\t\t\t\t\n\t\t\t\t\t\t\t\t\t\t\t\t\t\t\t\t\t\t<a class=\"fusion-rollover-gallery\" href=\"https:\/\/wallface.de\/it\/wp-content\/uploads\/sites\/4\/2026\/03\/wallface-wp-picture-20158.jpg\" data-id=\"10996\" data-rel=\"iLightbox[gallery-rw-1]\" data-title=\"Pannello decorativo WallFace aspetto legno 25153 Carbonized Wood Antigrav nero\" data-caption=\"\">\n\t\t\t\t\t\tGallery\t\t\t\t\t<\/a>\n\t\t\t\t\t\t\t\t\t\t\t\t\t\t\n\t\t\n\t\t\t\t\t\t\t\t\t\t\t\t<h4 class=\"fusion-rollover-title\">\n\t\t\t\t\t<a class=\"fusion-rollover-title-link\" href=\"https:\/\/wallface.de\/it\/portfolio-items\/pannello-decorativo-wallface-aspetto-legno-25153-carbonized-wood-antigrav-nero\/?portfolioCats=82\">\n\t\t\t\t\t\tPannello decorativo WallFace aspetto legno 25153 Carbonized Wood Antigrav nero\t\t\t\t\t<\/a>\n\t\t\t\t<\/h4>\n\t\t\t\n\t\t\t\t\t\t\t\t\t\t<div class=\"fusion-rollover-categories\"><a href=\"https:\/\/wallface.de\/it\/portfolio_category\/abitazione\/\" rel=\"tag\">Abitazione<\/a>, <a href=\"https:\/\/wallface.de\/it\/portfolio_category\/albergo\/\" rel=\"tag\">Albergo<\/a>, <a href=\"https:\/\/wallface.de\/it\/portfolio_category\/collezione-antigrav\/\" rel=\"tag\">Collezione Antigrav<\/a>, <a href=\"https:\/\/wallface.de\/it\/portfolio_category\/gastronomia\/\" rel=\"tag\">Gastronomia<\/a>, <a href=\"https:\/\/wallface.de\/it\/portfolio_category\/legno\/\" rel=\"tag\">Legno<\/a>, <a href=\"https:\/\/wallface.de\/it\/portfolio_category\/mobilia\/\" rel=\"tag\">Mobilia<\/a>, <a href=\"https:\/\/wallface.de\/it\/portfolio_category\/nero\/\" rel=\"tag\">nero<\/a>, <a href=\"https:\/\/wallface.de\/it\/portfolio_category\/non-adesivo\/\" rel=\"tag\">non adesivo<\/a>, <a href=\"https:\/\/wallface.de\/it\/portfolio_category\/opaco\/\" rel=\"tag\">opaco<\/a><\/div>\t\t\t\t\t\n\t\t\n\t\t\t\t\t\t<a class=\"fusion-link-wrapper\" href=\"https:\/\/wallface.de\/it\/portfolio-items\/pannello-decorativo-wallface-aspetto-legno-25153-carbonized-wood-antigrav-nero\/?portfolioCats=82\" aria-label=\"Pannello decorativo WallFace aspetto legno 25153 Carbonized Wood Antigrav nero\"><\/a>\n\t<\/div>\n<\/div>\n<\/div>\n<\/div><\/article><article id=\"portfolio-1-post-12642\" class=\"fusion-portfolio-post abitazione autoadesivo caravan collezione-nature imballato-arrotolato legno mobilia nero opaco rinnovamento uffici fusion-col-spacing post-12642\"><div class=\"fusion-portfolio-content-wrapper\" style=\"border:none;\"><span class=\"entry-title rich-snippet-hidden\">Pannello decorativo WallFace aspetto legno 25549 Carbonized Wood Nature autoadesivo nero<\/span><span class=\"vcard rich-snippet-hidden\"><span class=\"fn\"><a href=\"https:\/\/wallface.de\/it\/author\/apiwallface\/\" title=\"Articoli scritti da apiwallface\" rel=\"author\">apiwallface<\/a><\/span><\/span><span class=\"updated rich-snippet-hidden\">2026-04-30T15:04:25+00:00<\/span><div  class=\"fusion-image-wrapper\" aria-haspopup=\"true\">\n\t\t\t\t<img decoding=\"async\" width=\"900\" height=\"900\" src=\"https:\/\/wallface.de\/it\/wp-content\/uploads\/sites\/4\/2026\/03\/wallface-wp-picture-25549.jpg\" class=\"attachment-full size-full wp-post-image\" alt=\"Pannello decorativo WallFace aspetto legno 25549 Carbonized Wood Nature autoadesivo nero\" srcset=\"https:\/\/wallface.de\/it\/wp-content\/uploads\/sites\/4\/2026\/03\/wallface-wp-picture-25549-200x200.jpg 200w, https:\/\/wallface.de\/it\/wp-content\/uploads\/sites\/4\/2026\/03\/wallface-wp-picture-25549-400x400.jpg 400w, https:\/\/wallface.de\/it\/wp-content\/uploads\/sites\/4\/2026\/03\/wallface-wp-picture-25549-600x600.jpg 600w, https:\/\/wallface.de\/it\/wp-content\/uploads\/sites\/4\/2026\/03\/wallface-wp-picture-25549-800x800.jpg 800w, https:\/\/wallface.de\/it\/wp-content\/uploads\/sites\/4\/2026\/03\/wallface-wp-picture-25549.jpg 900w\" sizes=\"(min-width: 2200px) 100vw, (min-width: 928px) 211px, (min-width: 856px) 263px, (min-width: 784px) 351px, (min-width: 712px) 527px, (min-width: 640px) 712px, \" \/><div class=\"fusion-rollover\">\n\t<div class=\"fusion-rollover-content\">\n\n\t\t\t\t\t\t\t\t\t\t\t\t\t\t<a class=\"fusion-rollover-link\" href=\"https:\/\/wallface.de\/it\/portfolio-items\/pannello-decorativo-wallface-aspetto-legno-25549-carbonized-wood-nature-autoadesivo-nero\/?portfolioCats=82\">Pannello decorativo WallFace aspetto legno 25549 Carbonized Wood Nature autoadesivo nero<\/a>\n\t\t\t\n\t\t\t\t\t\t\t\t\t\t\t\t\t\t\n\t\t\t\t\t\t\t\t\n\t\t\t\t\t\t\t\t\t\t\t\t\t<div class=\"fusion-rollover-sep\"><\/div>\n\t\t\t\t\n\t\t\t\t\t\t\t\t\t\t\t\t\t\t\t\t\t\t<a class=\"fusion-rollover-gallery\" href=\"https:\/\/wallface.de\/it\/wp-content\/uploads\/sites\/4\/2026\/03\/wallface-wp-picture-25549.jpg\" data-id=\"12642\" data-rel=\"iLightbox[gallery-rw-1]\" data-title=\"Pannello decorativo WallFace aspetto legno 25549 Carbonized Wood Nature autoadesivo nero\" data-caption=\"\">\n\t\t\t\t\t\tGallery\t\t\t\t\t<\/a>\n\t\t\t\t\t\t\t\t\t\t\t\t\t\t\n\t\t\n\t\t\t\t\t\t\t\t\t\t\t\t<h4 class=\"fusion-rollover-title\">\n\t\t\t\t\t<a class=\"fusion-rollover-title-link\" href=\"https:\/\/wallface.de\/it\/portfolio-items\/pannello-decorativo-wallface-aspetto-legno-25549-carbonized-wood-nature-autoadesivo-nero\/?portfolioCats=82\">\n\t\t\t\t\t\tPannello decorativo WallFace aspetto legno 25549 Carbonized Wood Nature autoadesivo nero\t\t\t\t\t<\/a>\n\t\t\t\t<\/h4>\n\t\t\t\n\t\t\t\t\t\t\t\t\t\t<div class=\"fusion-rollover-categories\"><a href=\"https:\/\/wallface.de\/it\/portfolio_category\/abitazione\/\" rel=\"tag\">Abitazione<\/a>, <a href=\"https:\/\/wallface.de\/it\/portfolio_category\/autoadesivo\/\" rel=\"tag\">autoadesivo<\/a>, <a href=\"https:\/\/wallface.de\/it\/portfolio_category\/caravan\/\" rel=\"tag\">Caravan<\/a>, <a href=\"https:\/\/wallface.de\/it\/portfolio_category\/collezione-nature\/\" rel=\"tag\">Collezione Nature<\/a>, <a href=\"https:\/\/wallface.de\/it\/portfolio_category\/imballato-arrotolato\/\" rel=\"tag\">imballato arrotolato<\/a>, <a href=\"https:\/\/wallface.de\/it\/portfolio_category\/legno\/\" rel=\"tag\">Legno<\/a>, <a href=\"https:\/\/wallface.de\/it\/portfolio_category\/mobilia\/\" rel=\"tag\">Mobilia<\/a>, <a href=\"https:\/\/wallface.de\/it\/portfolio_category\/nero\/\" rel=\"tag\">nero<\/a>, <a href=\"https:\/\/wallface.de\/it\/portfolio_category\/opaco\/\" rel=\"tag\">opaco<\/a>, <a href=\"https:\/\/wallface.de\/it\/portfolio_category\/rinnovamento\/\" rel=\"tag\">Rinnovamento<\/a>, <a href=\"https:\/\/wallface.de\/it\/portfolio_category\/uffici\/\" rel=\"tag\">Uffici<\/a><\/div>\t\t\t\t\t\n\t\t\n\t\t\t\t\t\t<a class=\"fusion-link-wrapper\" href=\"https:\/\/wallface.de\/it\/portfolio-items\/pannello-decorativo-wallface-aspetto-legno-25549-carbonized-wood-nature-autoadesivo-nero\/?portfolioCats=82\" aria-label=\"Pannello decorativo WallFace aspetto legno 25549 Carbonized Wood Nature autoadesivo nero\"><\/a>\n\t<\/div>\n<\/div>\n<\/div>\n<\/div><\/article><\/div><button class=\"fusion-load-more-button fusion-portfolio-button fusion-clearfix\">Load More Posts<\/button><div class=\"fusion-infinite-scroll-trigger\"><\/div><div class=\"pagination infinite-scroll clearfix\" style=\"display:none;\"><span class=\"current\">1<\/span><a href=\"https:\/\/wallface.de\/it\/wp-json\/wp\/v2\/pages\/236\/page\/2\/\" class=\"inactive\">2<\/a><a class=\"pagination-next\" rel=\"next\" href=\"https:\/\/wallface.de\/it\/wp-json\/wp\/v2\/pages\/236\/page\/2\/\"><span class=\"page-text\">Next<\/span><span class=\"page-next\"><\/span><\/a><\/div><div class=\"fusion-clearfix\"><\/div><\/div><\/div><\/div><\/div><\/div><\/div><div class=\"fusion-fullwidth fullwidth-box fusion-builder-row-8 fusion-flex-container margin-full-bl_0 fool-img hundred-percent-fullwidth non-hundred-percent-height-scrolling\" style=\"--awb-border-radius-top-left:0px;--awb-border-radius-top-right:0px;--awb-border-radius-bottom-right:0px;--awb-border-radius-bottom-left:0px;--awb-flex-wrap:wrap;\" ><div class=\"fusion-builder-row fusion-row fusion-flex-align-items-flex-start fusion-flex-content-wrap\" style=\"width:104% !important;max-width:104% !important;margin-left: calc(-4% \/ 2 );margin-right: calc(-4% \/ 2 );\"><div class=\"fusion-layout-column fusion_builder_column fusion-builder-column-16 fusion_builder_column_1_1 1_1 fusion-flex-column\" style=\"--awb-bg-size:cover;--awb-width-large:100%;--awb-margin-top-large:0px;--awb-spacing-right-large:1.92%;--awb-margin-bottom-large:20px;--awb-spacing-left-large:1.92%;--awb-width-medium:100%;--awb-order-medium:0;--awb-spacing-right-medium:1.92%;--awb-spacing-left-medium:1.92%;--awb-width-small:100%;--awb-order-small:0;--awb-spacing-right-small:1.92%;--awb-spacing-left-small:1.92%;\"><div class=\"fusion-column-wrapper fusion-column-has-shadow fusion-flex-justify-content-flex-start fusion-content-layout-column\"><div class=\"fusion-image-element \" style=\"--awb-caption-title-font-family:var(--h2_typography-font-family);--awb-caption-title-font-weight:var(--h2_typography-font-weight);--awb-caption-title-font-style:var(--h2_typography-font-style);--awb-caption-title-size:var(--h2_typography-font-size);--awb-caption-title-transform:var(--h2_typography-text-transform);--awb-caption-title-line-height:var(--h2_typography-line-height);--awb-caption-title-letter-spacing:var(--h2_typography-letter-spacing);\"><span class=\" fusion-imageframe imageframe-none imageframe-12 hover-type-none fool-img-desc\"><img decoding=\"async\" width=\"2500\" height=\"900\" alt=\"Un pannello murale vintage effetto marmo in una cucina moderna con un piano di lavoro in legno, elettrodomestici in acciaio inossidabile e una grande finestra con vista sul bosco.\" src=\"https:\/\/wallface.de\/it\/wp-content\/uploads\/sites\/4\/2025\/03\/wallface_pannelli_murali_mobilia_parallax.jpg\" class=\"img-responsive wp-image-56531\" srcset=\"https:\/\/wallface.de\/it\/wp-content\/uploads\/sites\/4\/2025\/03\/wallface_pannelli_murali_mobilia_parallax-200x72.jpg 200w, https:\/\/wallface.de\/it\/wp-content\/uploads\/sites\/4\/2025\/03\/wallface_pannelli_murali_mobilia_parallax-400x144.jpg 400w, https:\/\/wallface.de\/it\/wp-content\/uploads\/sites\/4\/2025\/03\/wallface_pannelli_murali_mobilia_parallax-600x216.jpg 600w, https:\/\/wallface.de\/it\/wp-content\/uploads\/sites\/4\/2025\/03\/wallface_pannelli_murali_mobilia_parallax-800x288.jpg 800w, https:\/\/wallface.de\/it\/wp-content\/uploads\/sites\/4\/2025\/03\/wallface_pannelli_murali_mobilia_parallax-1200x432.jpg 1200w, https:\/\/wallface.de\/it\/wp-content\/uploads\/sites\/4\/2025\/03\/wallface_pannelli_murali_mobilia_parallax.jpg 2500w\" sizes=\"(max-width: 640px) 100vw, 1200px\" \/><\/span><\/div><div class=\"fusion-image-element \" style=\"--awb-caption-title-font-family:var(--h2_typography-font-family);--awb-caption-title-font-weight:var(--h2_typography-font-weight);--awb-caption-title-font-style:var(--h2_typography-font-style);--awb-caption-title-size:var(--h2_typography-font-size);--awb-caption-title-transform:var(--h2_typography-text-transform);--awb-caption-title-line-height:var(--h2_typography-line-height);--awb-caption-title-letter-spacing:var(--h2_typography-letter-spacing);\"><span class=\" fusion-imageframe imageframe-none imageframe-13 hover-type-none fool-img-mob\"><img decoding=\"async\" width=\"650\" height=\"884\" alt=\"Un pannello murale vintage effetto marmo in una cucina moderna con un piano di lavoro in legno, elettrodomestici in acciaio inossidabile e una grande finestra con vista sul bosco.\" src=\"https:\/\/wallface.de\/it\/wp-content\/uploads\/sites\/4\/2025\/03\/wallface_pannelli_murali_mobilia_parallax_mob.jpg\" class=\"img-responsive wp-image-56532\" srcset=\"https:\/\/wallface.de\/it\/wp-content\/uploads\/sites\/4\/2025\/03\/wallface_pannelli_murali_mobilia_parallax_mob-200x272.jpg 200w, https:\/\/wallface.de\/it\/wp-content\/uploads\/sites\/4\/2025\/03\/wallface_pannelli_murali_mobilia_parallax_mob-400x544.jpg 400w, https:\/\/wallface.de\/it\/wp-content\/uploads\/sites\/4\/2025\/03\/wallface_pannelli_murali_mobilia_parallax_mob-600x816.jpg 600w, https:\/\/wallface.de\/it\/wp-content\/uploads\/sites\/4\/2025\/03\/wallface_pannelli_murali_mobilia_parallax_mob.jpg 650w\" sizes=\"(max-width: 640px) 100vw, 650px\" \/><\/span><\/div><\/div><\/div><\/div><\/div><div class=\"fusion-fullwidth fullwidth-box fusion-builder-row-9 fusion-flex-container bl_last_50 nonhundred-percent-fullwidth non-hundred-percent-height-scrolling\" style=\"--awb-border-radius-top-left:0px;--awb-border-radius-top-right:0px;--awb-border-radius-bottom-right:0px;--awb-border-radius-bottom-left:0px;--awb-margin-top:140px;--awb-flex-wrap:wrap;\" ><div class=\"fusion-builder-row fusion-row fusion-flex-align-items-flex-start fusion-flex-content-wrap\" style=\"max-width:1200.0352px;margin-left: calc(-4% \/ 2 );margin-right: calc(-4% \/ 2 );\"><div class=\"fusion-layout-column fusion_builder_column fusion-builder-column-17 fusion_builder_column_1_2 1_2 fusion-flex-column bl_txt-lightgray-bg h_100\" style=\"--awb-bg-size:cover;--awb-width-large:50%;--awb-margin-top-large:0px;--awb-spacing-right-large:3.84%;--awb-margin-bottom-large:20px;--awb-spacing-left-large:3.84%;--awb-width-medium:50%;--awb-order-medium:0;--awb-spacing-right-medium:3.84%;--awb-spacing-left-medium:3.84%;--awb-width-small:100%;--awb-order-small:0;--awb-spacing-right-small:1.92%;--awb-spacing-left-small:1.92%;\"><div class=\"fusion-column-wrapper fusion-column-has-shadow fusion-flex-justify-content-flex-start fusion-content-layout-column\"><div class=\"fusion-title title fusion-title-12 fusion-sep-none fusion-title-text fusion-title-size-one f-s_44\"><h1 class=\"fusion-title-heading title-heading-left\" style=\"margin:0;\"><h4>\u201cWallFace Vi offre una vasta scelta di decorazioni. Per ogni stile e ogni uso si trova una soluzione.\u201d<\/h4><\/h1><\/div><div class=\"fusion-text fusion-text-11\" style=\"--awb-text-transform:none;\"><p>Regina Birkenbach, L\u00fcnen, Germania<\/p>\n<\/div><\/div><\/div><div class=\"fusion-layout-column fusion_builder_column fusion-builder-column-18 fusion_builder_column_1_2 1_2 fusion-flex-column img_w-50 m_b-0\" style=\"--awb-bg-size:cover;--awb-width-large:50%;--awb-margin-top-large:0px;--awb-spacing-right-large:3.84%;--awb-margin-bottom-large:20px;--awb-spacing-left-large:3.84%;--awb-width-medium:50%;--awb-order-medium:0;--awb-spacing-right-medium:3.84%;--awb-spacing-left-medium:3.84%;--awb-width-small:100%;--awb-order-small:0;--awb-spacing-right-small:1.92%;--awb-spacing-left-small:1.92%;\"><div class=\"fusion-column-wrapper fusion-column-has-shadow fusion-flex-justify-content-flex-start fusion-content-layout-column\"><div class=\"fusion-image-element \" style=\"--awb-caption-title-font-family:var(--h2_typography-font-family);--awb-caption-title-font-weight:var(--h2_typography-font-weight);--awb-caption-title-font-style:var(--h2_typography-font-style);--awb-caption-title-size:var(--h2_typography-font-size);--awb-caption-title-transform:var(--h2_typography-text-transform);--awb-caption-title-line-height:var(--h2_typography-line-height);--awb-caption-title-letter-spacing:var(--h2_typography-letter-spacing);\"><span class=\" fusion-imageframe imageframe-none imageframe-14 hover-type-none\"><img decoding=\"async\" width=\"600\" height=\"600\" alt=\"Bagno moderno con un mobile da bagno bianco con finitura metallica strutturata, uno specchio rotondo con illuminazione indiretta e accenti dorati. Due piante in vaso, una sansevieria trifasciata e un chlorophytum, aggiungono un tocco di verde.\" src=\"https:\/\/wallface.de\/it\/wp-content\/uploads\/sites\/4\/2025\/03\/wallface_pannelli_murali_mobilia_citazione.jpg\" class=\"img-responsive wp-image-56533\" srcset=\"https:\/\/wallface.de\/it\/wp-content\/uploads\/sites\/4\/2025\/03\/wallface_pannelli_murali_mobilia_citazione-200x200.jpg 200w, https:\/\/wallface.de\/it\/wp-content\/uploads\/sites\/4\/2025\/03\/wallface_pannelli_murali_mobilia_citazione-400x400.jpg 400w, https:\/\/wallface.de\/it\/wp-content\/uploads\/sites\/4\/2025\/03\/wallface_pannelli_murali_mobilia_citazione.jpg 600w\" sizes=\"(max-width: 640px) 100vw, 600px\" \/><\/span><\/div><\/div><\/div><\/div><\/div><\/p>\n","protected":false},"excerpt":{"rendered":"","protected":false},"author":1,"featured_media":0,"parent":0,"menu_order":0,"comment_status":"closed","ping_status":"closed","template":"100-width.php","meta":{"inline_featured_image":false,"footnotes":""},"class_list":["post-236","page","type-page","status-publish","hentry"],"yoast_head":"<!-- This site is optimized with the Yoast SEO plugin v22.0 - https:\/\/yoast.com\/wordpress\/plugins\/seo\/ -->\n<title>Pannelli Decorativi per Mobili | Soluzioni Creative per Lavorazioni d\u2019Arredo<\/title>\n<meta name=\"description\" content=\"Scopri i pannelli decorativi WallFace ideali per la costruzione di mobili. Superfici innovative, facili da lavorare e perfette per design d\u2019interni personalizzati.\" \/>\n<meta name=\"robots\" content=\"index, follow, max-snippet:-1, max-image-preview:large, max-video-preview:-1\" \/>\n<link rel=\"canonical\" href=\"https:\/\/wallface.de\/it\/pannello-decorativo-costruzione-mobili\/\" \/>\n<meta property=\"og:locale\" content=\"it_IT\" \/>\n<meta property=\"og:type\" content=\"article\" \/>\n<meta property=\"og:title\" content=\"Pannelli Decorativi per Mobili | Soluzioni Creative per Lavorazioni d\u2019Arredo\" \/>\n<meta property=\"og:description\" content=\"Scopri i pannelli decorativi WallFace ideali per la costruzione di mobili. Superfici innovative, facili da lavorare e perfette per design d\u2019interni personalizzati.\" \/>\n<meta property=\"og:url\" content=\"https:\/\/wallface.de\/it\/pannello-decorativo-costruzione-mobili\/\" \/>\n<meta property=\"og:site_name\" content=\"wallface\/it\" \/>\n<meta property=\"article:modified_time\" content=\"2025-07-16T08:58:57+00:00\" \/>\n<meta name=\"twitter:card\" content=\"summary_large_image\" \/>\n<script type=\"application\/ld+json\" class=\"yoast-schema-graph\">{\"@context\":\"https:\/\/schema.org\",\"@graph\":[{\"@type\":\"WebPage\",\"@id\":\"https:\/\/wallface.de\/it\/pannello-decorativo-costruzione-mobili\/\",\"url\":\"https:\/\/wallface.de\/it\/pannello-decorativo-costruzione-mobili\/\",\"name\":\"Pannelli Decorativi per Mobili | Soluzioni Creative per Lavorazioni d\u2019Arredo\",\"isPartOf\":{\"@id\":\"https:\/\/wallface.de\/it\/#website\"},\"datePublished\":\"2024-01-03T14:50:22+00:00\",\"dateModified\":\"2025-07-16T08:58:57+00:00\",\"description\":\"Scopri i pannelli decorativi WallFace ideali per la costruzione di mobili. Superfici innovative, facili da lavorare e perfette per design d\u2019interni personalizzati.\",\"breadcrumb\":{\"@id\":\"https:\/\/wallface.de\/it\/pannello-decorativo-costruzione-mobili\/#breadcrumb\"},\"inLanguage\":\"it-IT\",\"potentialAction\":[{\"@type\":\"ReadAction\",\"target\":[\"https:\/\/wallface.de\/it\/pannello-decorativo-costruzione-mobili\/\"]}]},{\"@type\":\"BreadcrumbList\",\"@id\":\"https:\/\/wallface.de\/it\/pannello-decorativo-costruzione-mobili\/#breadcrumb\",\"itemListElement\":[{\"@type\":\"ListItem\",\"position\":1,\"name\":\"Home\",\"item\":\"https:\/\/wallface.de\/it\/\"},{\"@type\":\"ListItem\",\"position\":2,\"name\":\"Mobilia\"}]},{\"@type\":\"WebSite\",\"@id\":\"https:\/\/wallface.de\/it\/#website\",\"url\":\"https:\/\/wallface.de\/it\/\",\"name\":\"wallface\/it\",\"description\":\"\",\"potentialAction\":[{\"@type\":\"SearchAction\",\"target\":{\"@type\":\"EntryPoint\",\"urlTemplate\":\"https:\/\/wallface.de\/it\/?s={search_term_string}\"},\"query-input\":\"required name=search_term_string\"}],\"inLanguage\":\"it-IT\"}]}<\/script>\n<!-- \/ Yoast SEO plugin. -->","yoast_head_json":{"title":"Pannelli Decorativi per Mobili | Soluzioni Creative per Lavorazioni d\u2019Arredo","description":"Scopri i pannelli decorativi WallFace ideali per la costruzione di mobili. Superfici innovative, facili da lavorare e perfette per design d\u2019interni personalizzati.","robots":{"index":"index","follow":"follow","max-snippet":"max-snippet:-1","max-image-preview":"max-image-preview:large","max-video-preview":"max-video-preview:-1"},"canonical":"https:\/\/wallface.de\/it\/pannello-decorativo-costruzione-mobili\/","og_locale":"it_IT","og_type":"article","og_title":"Pannelli Decorativi per Mobili | Soluzioni Creative per Lavorazioni d\u2019Arredo","og_description":"Scopri i pannelli decorativi WallFace ideali per la costruzione di mobili. Superfici innovative, facili da lavorare e perfette per design d\u2019interni personalizzati.","og_url":"https:\/\/wallface.de\/it\/pannello-decorativo-costruzione-mobili\/","og_site_name":"wallface\/it","article_modified_time":"2025-07-16T08:58:57+00:00","twitter_card":"summary_large_image","schema":{"@context":"https:\/\/schema.org","@graph":[{"@type":"WebPage","@id":"https:\/\/wallface.de\/it\/pannello-decorativo-costruzione-mobili\/","url":"https:\/\/wallface.de\/it\/pannello-decorativo-costruzione-mobili\/","name":"Pannelli Decorativi per Mobili | Soluzioni Creative per Lavorazioni d\u2019Arredo","isPartOf":{"@id":"https:\/\/wallface.de\/it\/#website"},"datePublished":"2024-01-03T14:50:22+00:00","dateModified":"2025-07-16T08:58:57+00:00","description":"Scopri i pannelli decorativi WallFace ideali per la costruzione di mobili. Superfici innovative, facili da lavorare e perfette per design d\u2019interni personalizzati.","breadcrumb":{"@id":"https:\/\/wallface.de\/it\/pannello-decorativo-costruzione-mobili\/#breadcrumb"},"inLanguage":"it-IT","potentialAction":[{"@type":"ReadAction","target":["https:\/\/wallface.de\/it\/pannello-decorativo-costruzione-mobili\/"]}]},{"@type":"BreadcrumbList","@id":"https:\/\/wallface.de\/it\/pannello-decorativo-costruzione-mobili\/#breadcrumb","itemListElement":[{"@type":"ListItem","position":1,"name":"Home","item":"https:\/\/wallface.de\/it\/"},{"@type":"ListItem","position":2,"name":"Mobilia"}]},{"@type":"WebSite","@id":"https:\/\/wallface.de\/it\/#website","url":"https:\/\/wallface.de\/it\/","name":"wallface\/it","description":"","potentialAction":[{"@type":"SearchAction","target":{"@type":"EntryPoint","urlTemplate":"https:\/\/wallface.de\/it\/?s={search_term_string}"},"query-input":"required name=search_term_string"}],"inLanguage":"it-IT"}]}},"_links":{"self":[{"href":"https:\/\/wallface.de\/it\/wp-json\/wp\/v2\/pages\/236","targetHints":{"allow":["GET"]}}],"collection":[{"href":"https:\/\/wallface.de\/it\/wp-json\/wp\/v2\/pages"}],"about":[{"href":"https:\/\/wallface.de\/it\/wp-json\/wp\/v2\/types\/page"}],"author":[{"embeddable":true,"href":"https:\/\/wallface.de\/it\/wp-json\/wp\/v2\/users\/1"}],"replies":[{"embeddable":true,"href":"https:\/\/wallface.de\/it\/wp-json\/wp\/v2\/comments?post=236"}],"version-history":[{"count":7,"href":"https:\/\/wallface.de\/it\/wp-json\/wp\/v2\/pages\/236\/revisions"}],"predecessor-version":[{"id":56534,"href":"https:\/\/wallface.de\/it\/wp-json\/wp\/v2\/pages\/236\/revisions\/56534"}],"wp:attachment":[{"href":"https:\/\/wallface.de\/it\/wp-json\/wp\/v2\/media?parent=236"}],"curies":[{"name":"wp","href":"https:\/\/api.w.org\/{rel}","templated":true}]}}